{"id":3781,"date":"2025-01-21T14:15:43","date_gmt":"2025-01-21T14:15:43","guid":{"rendered":"https:\/\/www.drfz.de\/?post_type=head&#038;p=3781"},"modified":"2026-01-08T13:15:52","modified_gmt":"2026-01-08T13:15:52","slug":"gerhard-kronke","status":"publish","type":"head","link":"https:\/\/www.drfz.de\/en\/koepfe\/gerhard-kronke\/","title":{"rendered":"Prof. Dr. Gerhard Kr\u00f6nke"},"content":{"rendered":"\n  <section id=\"clinical-rheumatology\" class=\"section cta  alignwide toc-item\">\n    <div class=\"container container--center\">\n\n      <div class=\"cta__wrapper bg bg--surface\">\n        <div class=\"cta__content\">\n                      <h2 class=\"cta__heading launimation slideBottom\">Clinical Rheumatology<\/h2>\n          \n                      <div class=\"cta__desc wysiwyg launimation slideBottom\">Kr\u00f6nke lab <\/div>\n          \n          \n                      <div class=\"cta__ctas button-group\">\n              <a href=\"\/en\/arbeitsgruppen\/klinische-rheumatologie\/\" class=\"cta__button button button--arrow launimation slideBottom\" title=\"learn more\" target=\"_blank\"><span>learn more<\/span><\/a>            <\/div>\n                  <\/div><!-- content -->\n\n                  <div class=\"cta__image launimation fadeIn\">\n            <img decoding=\"async\" loading=\"lazy\" sizes=\"auto, \" src=\"https:\/\/www.drfz.de\/wp-content\/uploads\/2024\/12\/Kroenke_Lab-150x100.jpg\" data-src=\"https:\/\/www.drfz.de\/wp-content\/uploads\/2024\/12\/Kroenke_Lab-1024x682.jpg\" data-srcset=\"https:\/\/www.drfz.de\/wp-content\/uploads\/2024\/12\/Kroenke_Lab-1920x1280.jpg 1920w, https:\/\/www.drfz.de\/wp-content\/uploads\/2024\/12\/Kroenke_Lab-1600x1066.jpg 1600w, https:\/\/www.drfz.de\/wp-content\/uploads\/2024\/12\/Kroenke_Lab-1366x910.jpg 1366w, https:\/\/www.drfz.de\/wp-content\/uploads\/2024\/12\/Kroenke_Lab-1024x682.jpg 1024w, https:\/\/www.drfz.de\/wp-content\/uploads\/2024\/12\/Kroenke_Lab-768x512.jpg 768w, https:\/\/www.drfz.de\/wp-content\/uploads\/2024\/12\/Kroenke_Lab-550x367.jpg 550w\" class=\"\" alt=\"\"  width=\"1024\"  height=\"682\">          <\/div>\n              <\/div><!-- wrapper -->\n\n    <\/div><!-- container -->\n  <\/section>\n\n\n\n\n  <section id=\"scientific-background\"\n           class=\"section accordion  alignwide  toc-item\"\n           data-open=\"multiple\">\n    <div class=\"container container--center container--medium\">\n              <h2 class=\"h3 section__heading launimation slideBottom\">Scientific background of Gerhard Kr\u00f6nke<\/h2>\n      \n      \n      \n              <div id=\"panel-\"\n             class=\"accordion__category active\" role=\"tabpanel\"\n             aria-labelledby=\"tab-\">\n                    <script type=\"application\/ld+json\">\n            {\n              \"@context\": \"https:\/\/schema.org\",\n              \"@type\": \"FAQPage\",\n              \"mainEntity\": [{\"@type\": \"Question\",\"name\": \"Scientific Career\",\"acceptedAnswer\": {\"@type\": \"Answer\",\"text\": \"Since 2023\nAppointed\u00a0 Professor (W3) of Internal Medicine and Director of the Department of Rheumatology and Clinical Immunology, Charit\u00e9 Berlin\n2016 &#8211; 2023\nAppointed Professor (W2) of Translational Immunology at the University of Erlangen &#8211; Nuremberg\n2012 &#8211; 2023\nSenior Physician at the Department of Internal Medicine 3, Rheumatology and Clinical Immunology, University Hospital Erlangen\n2009 &#8211; 2015\nJunior Group Leader at the Nikolaus Fiebiger Center of Molecular Medicine, University of Erlangen-Nuremberg\n2006 &#8211; 2018\nResident in Internal Medicine and Rheumatology at the Department of Internal Medicine Rheumatology and Clinical Immunology, University Hospital Erlangen\n2004 &#8211; 2006\nPostdoctoral Fellow at the Cardiovascular Research Centre, University of Virginia, USA\n2002 &#8211; 2004\nPostdoctoral Fellow at the Institute of Vascular Biology and Thrombosis Research, Medical University of Vienna, Austria\"}},{\"@type\": \"Question\",\"name\": \"Education\",\"acceptedAnswer\": {\"@type\": \"Answer\",\"text\": \"2018\nBoard certificate in Rheumatology, Rheumatology and Immunology, University hospital Erlangen\n2015\nMHBA (Master of Health and Business Administration) from the University of Erlangen- Nuremberg\n2014\nVenia Legendi (PD) in Internal Medicine\n2012\nBoard certificate in Internal Medicine\n2002\nDoctorate (Dr. med.), M.D. Thesis under supervision of Bernd R. Binder, Institute of Vascular Biology, Vienna, Austria\n1996 &#8211; 2002\nMedical School, Medical University of Vienna, Austria\"}},{\"@type\": \"Question\",\"name\": \"Professional Activities\",\"acceptedAnswer\": {\"@type\": \"Answer\",\"text\": \"Peer reviewing activity for international journals including Nature, Nature Medicine, Nature Immunology, Immunity, PNAS, The Journal of Clinical Investigation, Nature Reviews Immunology, Nature Communications, The Journal of Experimental Medicine, Annals of the Rheumatic Diseases, Arthritis and Rheumatology as well as for funding agencies including the German Research foundation (DFG), Agence Nationale de la Recherche (ANR), Swiss National Science Foundation (SNSF), Israel Science Foundation, Jubil\u00e4umsfonds der Oesterreichische Nationalbank and the Austrian Wissenschaftsfonds (FWF).\"}},{\"@type\": \"Question\",\"name\": \"Society Memberships\",\"acceptedAnswer\": {\"@type\": \"Answer\",\"text\": \"German Society of Immunology (DGfI), German Society of Rheumatology (DGRh), German Society of Internal Medicine (DGIM)\"}},{\"@type\": \"Question\",\"name\": \"Fellowships and Awards\",\"acceptedAnswer\": {\"@type\": \"Answer\",\"text\": \"2018\nMosaic of Autoimmunity (MAI) Award at the 11th International Congress of Autoimmunity, Lisbon, Portugal\n2018\nTheodor Naegeli Award from the Theodor Naegeli foundation Basel\n2017\nLangener Wissenschaftspreis from the Paul Ehrlich Institute\n2013\nGeorges K\u00f6hler Award from the German Society of Immunology\n2005\nMax Kade Postdoctoral Fellowship from the National Academy of Sciences, Austria\n2003\nNew Investigator Award at the 4th Annual Conference on Arteriosclerosis, Thrombosis and Vascular Biology, Washington DC, USA.\"}}]\n            }\n          <\/script>\n\n          <div class=\"accordion__content\">\n                          <div class=\"accordion-item  box box--accordion over launimation slideBottom\">\n                <button class=\"accordion-item__title\"\n                        aria-expanded=\"false\"\n                        aria-controls=\"accordion_69f193a55ee46_0\"\n                        aria-label=\"Zeige den Inhalt an\">\n                    <span class=\"accordion-item__title-wrapper\">\n                      <span class=\"accordion-item__title-main h5\">Scientific Career<\/span>\n                                          <\/span>\n                  <span class=\"icon-wrapper\"><\/span>\n                <\/button>\n\n                <div class=\"accordion-item__content-container\" id=\"accordion_69f193a55ee46_0\">\n                  <div class=\"accordion-item__content\">\n                    \n                    <div class=\"accordion-item__content-text wysiwyg\">\n                      <p>Since 2023<br \/>\nAppointed\u00a0 Professor (W3) of Internal Medicine and Director of the Department of Rheumatology and Clinical Immunology, Charit\u00e9 Berlin<\/p>\n<p>2016 &#8211; 2023<br \/>\nAppointed Professor (W2) of Translational Immunology at the University of Erlangen &#8211; Nuremberg<\/p>\n<p>2012 &#8211; 2023<br \/>\nSenior Physician at the Department of Internal Medicine 3, Rheumatology and Clinical Immunology, University Hospital Erlangen<\/p>\n<p>2009 &#8211; 2015<br \/>\nJunior Group Leader at the Nikolaus Fiebiger Center of Molecular Medicine, University of Erlangen-Nuremberg<\/p>\n<p>2006 &#8211; 2018<br \/>\nResident in Internal Medicine and Rheumatology at the Department of Internal Medicine Rheumatology and Clinical Immunology, University Hospital Erlangen<\/p>\n<p>2004 &#8211; 2006<br \/>\nPostdoctoral Fellow at the Cardiovascular Research Centre, University of Virginia, USA<\/p>\n<p>2002 &#8211; 2004<br \/>\nPostdoctoral Fellow at the Institute of Vascular Biology and Thrombosis Research, Medical University of Vienna, Austria<\/p>\n\n                                          <\/div>\n                  <\/div>\n                <\/div>\n              <\/div>\n                          <div class=\"accordion-item  box box--accordion over launimation slideBottom\">\n                <button class=\"accordion-item__title\"\n                        aria-expanded=\"false\"\n                        aria-controls=\"accordion_69f193a55ee46_1\"\n                        aria-label=\"Zeige den Inhalt an\">\n                    <span class=\"accordion-item__title-wrapper\">\n                      <span class=\"accordion-item__title-main h5\">Education<\/span>\n                                          <\/span>\n                  <span class=\"icon-wrapper\"><\/span>\n                <\/button>\n\n                <div class=\"accordion-item__content-container\" id=\"accordion_69f193a55ee46_1\">\n                  <div class=\"accordion-item__content\">\n                    \n                    <div class=\"accordion-item__content-text wysiwyg\">\n                      <p>2018<br \/>\nBoard certificate in Rheumatology, Rheumatology and Immunology, University hospital Erlangen<\/p>\n<p>2015<br \/>\nMHBA (Master of Health and Business Administration) from the University of Erlangen- Nuremberg<\/p>\n<p>2014<br \/>\nVenia Legendi (PD) in Internal Medicine<\/p>\n<p>2012<br \/>\nBoard certificate in Internal Medicine<\/p>\n<p>2002<br \/>\nDoctorate (Dr. med.), M.D. Thesis under supervision of Bernd R. Binder, Institute of Vascular Biology, Vienna, Austria<\/p>\n<p>1996 &#8211; 2002<br \/>\nMedical School, Medical University of Vienna, Austria<\/p>\n\n                                          <\/div>\n                  <\/div>\n                <\/div>\n              <\/div>\n                          <div class=\"accordion-item  box box--accordion over launimation slideBottom\">\n                <button class=\"accordion-item__title\"\n                        aria-expanded=\"false\"\n                        aria-controls=\"accordion_69f193a55ee46_2\"\n                        aria-label=\"Zeige den Inhalt an\">\n                    <span class=\"accordion-item__title-wrapper\">\n                      <span class=\"accordion-item__title-main h5\">Professional Activities<\/span>\n                                          <\/span>\n                  <span class=\"icon-wrapper\"><\/span>\n                <\/button>\n\n                <div class=\"accordion-item__content-container\" id=\"accordion_69f193a55ee46_2\">\n                  <div class=\"accordion-item__content\">\n                    \n                    <div class=\"accordion-item__content-text wysiwyg\">\n                      <p>Peer reviewing activity for international journals including Nature, Nature Medicine, Nature Immunology, Immunity, PNAS, The Journal of Clinical Investigation, Nature Reviews Immunology, Nature Communications, The Journal of Experimental Medicine, Annals of the Rheumatic Diseases, Arthritis and Rheumatology as well as for funding agencies including the German Research foundation (DFG), Agence Nationale de la Recherche (ANR), Swiss National Science Foundation (SNSF), Israel Science Foundation, Jubil\u00e4umsfonds der Oesterreichische Nationalbank and the Austrian Wissenschaftsfonds (FWF).<\/p>\n\n                                          <\/div>\n                  <\/div>\n                <\/div>\n              <\/div>\n                          <div class=\"accordion-item  box box--accordion over launimation slideBottom\">\n                <button class=\"accordion-item__title\"\n                        aria-expanded=\"false\"\n                        aria-controls=\"accordion_69f193a55ee46_3\"\n                        aria-label=\"Zeige den Inhalt an\">\n                    <span class=\"accordion-item__title-wrapper\">\n                      <span class=\"accordion-item__title-main h5\">Society Memberships<\/span>\n                                          <\/span>\n                  <span class=\"icon-wrapper\"><\/span>\n                <\/button>\n\n                <div class=\"accordion-item__content-container\" id=\"accordion_69f193a55ee46_3\">\n                  <div class=\"accordion-item__content\">\n                    \n                    <div class=\"accordion-item__content-text wysiwyg\">\n                      <p>German Society of Immunology (DGfI), German Society of Rheumatology (DGRh), German Society of Internal Medicine (DGIM)<\/p>\n\n                                          <\/div>\n                  <\/div>\n                <\/div>\n              <\/div>\n                          <div class=\"accordion-item  box box--accordion over launimation slideBottom\">\n                <button class=\"accordion-item__title\"\n                        aria-expanded=\"false\"\n                        aria-controls=\"accordion_69f193a55ee46_4\"\n                        aria-label=\"Zeige den Inhalt an\">\n                    <span class=\"accordion-item__title-wrapper\">\n                      <span class=\"accordion-item__title-main h5\">Fellowships and Awards<\/span>\n                                          <\/span>\n                  <span class=\"icon-wrapper\"><\/span>\n                <\/button>\n\n                <div class=\"accordion-item__content-container\" id=\"accordion_69f193a55ee46_4\">\n                  <div class=\"accordion-item__content\">\n                    \n                    <div class=\"accordion-item__content-text wysiwyg\">\n                      <p>2018<br \/>\nMosaic of Autoimmunity (MAI) Award at the 11th International Congress of Autoimmunity, Lisbon, Portugal<\/p>\n<p>2018<br \/>\nTheodor Naegeli Award from the Theodor Naegeli foundation Basel<\/p>\n<p>2017<br \/>\nLangener Wissenschaftspreis from the Paul Ehrlich Institute<\/p>\n<p>2013<br \/>\nGeorges K\u00f6hler Award from the German Society of Immunology<\/p>\n<p>2005<br \/>\nMax Kade Postdoctoral Fellowship from the National Academy of Sciences, Austria<\/p>\n<p>2003<br \/>\nNew Investigator Award at the 4th Annual Conference on Arteriosclerosis, Thrombosis and Vascular Biology, Washington DC, USA.<\/p>\n\n                                          <\/div>\n                  <\/div>\n                <\/div>\n              <\/div>\n                      <\/div>\n        <\/div>\n          <\/div>\n  <\/section>\n\n\n\n\n  <section id=\"top-publications\" class=\"section links-list  alignwide  toc-item\">\n    <div class=\"container container--center\">\n                        <h2 class=\"section__heading launimation slideBottom\">TOP PUBLICATIONS<\/h2>\n        \n              \n      <div class=\"links-list__items-wrap\">\n        \n<div class=\"links-list__items links-list__items--row \">\n      <div class=\"links-list__item  launimation slideBottom\">\n      \n      <a href=\"https:\/\/www.nejm.org\/doi\/10.1056\/NEJMc2407150?url_ver=Z39.88-2003&#038;rfr_id=ori:rid:crossref.org&#038;rfr_dat=cr_pub%20%200pubmed\" target=\"_self\" class=\"h6 links-list__item-title\">Teclistamab-Induced Remission in Refractory Systemic Lupus Erythematosus<\/a>\n\n              <span class=\"links-list__item-underline\">Alexander T, Kr\u00f6nke J, Cheng Q, Keller U, Kr\u00f6nke G. (2024). Teclistamab-Induced Remission in Refractory Systemic Lupus Erythematosus. N Engl J Med. 391(9):864-866. doi: 10.1056\/NEJMc2407150.<\/span>\n      \n      <a href=\"https:\/\/www.nejm.org\/doi\/10.1056\/NEJMc2407150?url_ver=Z39.88-2003&#038;rfr_id=ori:rid:crossref.org&#038;rfr_dat=cr_pub%20%200pubmed\" target=\"_self\" class=\"links-list__item-link\">\n        <span class=\"button button--arrow button--arrow-nw button--arrow-link\" ><\/span>\n      <\/a>\n    <\/div>\n      <div class=\"links-list__item  launimation slideBottom\">\n      \n      <a href=\"https:\/\/www.nature.com\/articles\/s41586-024-07282-7\" target=\"_blank\" class=\"h6 links-list__item-title\">Metabolic rewiring promotes anti-inflammatory effects of glucocorticoids<\/a>\n\n              <span class=\"links-list__item-underline\">Auger JP, Zimmermann M, Faas M, Stifel U, Chambers D, Krishnacoumar B, Taudte RV, Grund C, Erdmann G, Scholtysek C, Uderhardt S, Ben Brahim O, Pascual Mat\u00e9 M, Stoll C, B\u00f6ttcher M, Palumbo-Zerr K, Mangan MSJ, Dzamukova M, Kieler M, Hofmann M, Bl\u00fcml S, Schabbauer G, Mougiakakos D, Sonnewald U, Hartmann F, Simon D, Kleyer A, Gr\u00fcneboom A, Finotto S, Latz E, Hofmann J, Schett G, Tuckermann J, Kr\u00f6nke G. (2024) Metabolic rewiring promotes anti-inflammatory effects of glucocorticoids. Nature. d10.1038\/s41586024-07282-7.<\/span>\n      \n      <a href=\"https:\/\/www.nature.com\/articles\/s41586-024-07282-7\" target=\"_blank\" class=\"links-list__item-link\">\n        <span class=\"button button--arrow button--arrow-nw button--arrow-link\" ><\/span>\n      <\/a>\n    <\/div>\n      <div class=\"links-list__item  launimation slideBottom\">\n      \n      <a href=\"https:\/\/pubmed.ncbi.nlm.nih.gov\/36109639\/\" target=\"_blank\" class=\"h6 links-list__item-title\">Anti-CD19 CAR T cell therapy for refractory systemic lupus erythematosus<\/a>\n\n              <span class=\"links-list__item-underline\">Mackensen A*, M\u00fcller F*, Mougiakakos D*, B\u00f6ltz S, Wilhelm A, Aigner M, V\u00f6lkl S, Simon D, Kleyer A, Munoz L, Kretschmann S, Kharboutli S, Gary R, Reimann H, R\u00f6sler W, Uderhardt S, Bang H, Herrmann M, Ekici AB, Buettner C, Habenicht KM, Winkler TH, Kr\u00f6nke G*, Schett G*. (2022). Anti-CD19 CAR T cell therapy for refractory systemic lupus erythematosus. Nat Med. 28(10):2124-2132. doi:10.1038\/s41591-022-02017-5. *equally contributed<\/span>\n      \n      <a href=\"https:\/\/pubmed.ncbi.nlm.nih.gov\/36109639\/\" target=\"_blank\" class=\"links-list__item-link\">\n        <span class=\"button button--arrow button--arrow-nw button--arrow-link\" ><\/span>\n      <\/a>\n    <\/div>\n      <div class=\"links-list__item  launimation slideBottom\">\n      \n      <a href=\"https:\/\/pubmed.ncbi.nlm.nih.gov\/34644537\/\" target=\"_blank\" class=\"h6 links-list__item-title\">IL-33-induced metabolic reprogramming controls the differentiation of alternatively activated macrophages and the resolution of inflammation<\/a>\n\n              <span class=\"links-list__item-underline\">Faas M, Ipseiz N, Ackermann J, Culemann S, Gr\u00fcneboom A, Schr\u00f6der F, Rothe T, Scholtysek C, Eberhardt M, B\u00f6ttcher M, Kirchner P, Stoll C, Ekici AB, Fuchs M, Kunz M, Weigmann B, Wirtz S, Lang R, Hofmann J, Vera J, Voehringer D, Michelucci A, Mougiakakos D, Uderhardt S, Schett G, Kr\u00f6nke G. (2021). IL-33- induced metabolic reprogramming controls the differentiation of alternatively activated macrophages and the resolution of inflammation. Immunity. 54(11):2531-2546.e5. doi:10.1016\/j.immuni.2021.09.010.<\/span>\n      \n      <a href=\"https:\/\/pubmed.ncbi.nlm.nih.gov\/34644537\/\" target=\"_blank\" class=\"links-list__item-link\">\n        <span class=\"button button--arrow button--arrow-nw button--arrow-link\" ><\/span>\n      <\/a>\n    <\/div>\n      <div class=\"links-list__item  launimation slideBottom\">\n      \n      <a href=\"https:\/\/pubmed.ncbi.nlm.nih.gov\/31391580\/\" target=\"_blank\" class=\"h6 links-list__item-title\">Locally renewing resident synovial macrophages provide a protective barrier for the joint<\/a>\n\n              <span class=\"links-list__item-underline\">Culemann S, Gr\u00fcneboom A, Nicol\u00e1s-\u00c1vila JA, Weidner D, L\u00e4mmle K, Rothe T, Quintana J, Kirchner P, Krljanac B, Eberhardt M, Ferrazzi F, Kretzschmar E, Schicht M, Fischer K, Gelse K, Faas M, Pfeifle R, Ackermann JA, Pachowsky M, Renner N, Simon D, Haseloff RF, Ekici AB, B\u00e4uerle T, Blasig I, Vera J, Voehringer D, Kleyer A, Paulsen F, Schett G, Hidalgo A, Kr\u00f6nke G. (2019). Locally renewing resident synovial macrophage provide a protective barrier for the joint. Nature. 572(7771):670-675. doi: 10.1038\/s41586-019-1471-1.<\/span>\n      \n      <a href=\"https:\/\/pubmed.ncbi.nlm.nih.gov\/31391580\/\" target=\"_blank\" class=\"links-list__item-link\">\n        <span class=\"button button--arrow button--arrow-nw button--arrow-link\" ><\/span>\n      <\/a>\n    <\/div>\n      <div class=\"links-list__item  launimation slideBottom\">\n      \n      <a href=\"https:\/\/www.nejm.org\/doi\/10.1056\/NEJMc2107725?url_ver=Z39.88-2003&#038;rfr_id=ori:rid:crossref.org&#038;rfr_dat=cr_pub%20%200pubmed\" target=\"_self\" class=\"h6 links-list__item-title\">CD19-targeted CAR T Cells in Refractory Systemic Lupus Erythematosus<\/a>\n\n              <span class=\"links-list__item-underline\">Mougiakakos D*, Kr\u00f6nke G*, V\u00f6lkl S, \u2026, Aigner M, Mackensen A* and Schett G*. (2021). CD19-targeted CAR T Cells in Refractory Systemic Lupus Erythematosus. N Engl J Med. 385(6):567-569. doi: 10.1056\/NEJMc2107725. * equally contributed<\/span>\n      \n      <a href=\"https:\/\/www.nejm.org\/doi\/10.1056\/NEJMc2107725?url_ver=Z39.88-2003&#038;rfr_id=ori:rid:crossref.org&#038;rfr_dat=cr_pub%20%200pubmed\" target=\"_self\" class=\"links-list__item-link\">\n        <span class=\"button button--arrow button--arrow-nw button--arrow-link\" ><\/span>\n      <\/a>\n    <\/div>\n      <div class=\"links-list__item  launimation slideBottom\">\n      \n      <a href=\"https:\/\/pubmed.ncbi.nlm.nih.gov\/27820809\/\" target=\"_blank\" class=\"h6 links-list__item-title\">Regulation of autoantibody activity by the IL-23-TH17 axis determines the onset of autoimmune disease<\/a>\n\n              <span class=\"links-list__item-underline\">Pfeifle R, Rothe T, Ipseiz N, Scherer HU, Culemann S, Harre U, Ackermann JA, Seefried M, Kleyer A, Uderhardt S, Haugg B, Hueber AJ, Daum P, Heidkamp GF, Ge C, B\u00f6hm S, Lux A, Schuh W, Magorivska I, Nandakumar KS, L\u00f6nnblom E, Becker C, Dudziak D, Wuhrer M, Rombouts Y, Koeleman CA, Toes R, Winkler TH, Holmdahl R, Herrmann M, Bl\u00fcml S, Nimmerjahn F, Schett G, Kr\u00f6nke G. (2017). Regulation of autoantibody activity by the IL-23-TH17 axis determines the onset of autoimmune disease. Nat Immunol. (1):104-113. doi: 10.1038\/ni.3579.<\/span>\n      \n      <a href=\"https:\/\/pubmed.ncbi.nlm.nih.gov\/27820809\/\" target=\"_blank\" class=\"links-list__item-link\">\n        <span class=\"button button--arrow button--arrow-nw button--arrow-link\" ><\/span>\n      <\/a>\n    <\/div>\n  <\/div>\n      <\/div>\n    <\/div>\n  <\/section>\n\n\n\n\n  <section id=\"news\"\n           class=\"section related-news alignwide related-news--slider  toc-item\">\n    <div class=\"container container--center\">\n\n      <div class=\"related-news__wrap\">\n                  <div class=\"section__heading-container launimation slideBottom\">\n                          <h2 class=\"section__heading\">News<\/h2>\n                                  <\/div>\n        \n        \n        <div class=\"related-news__slider swiper swiper-pull-right\">\n                      <div class=\"slider__skip-links-container\">\n              <a id=\"before-slider-block_a206931419601e820f07037a7ad5f831\"\n                 href=\"#after-slider-block_a206931419601e820f07037a7ad5f831\"\n                 class=\"slider-skip-link\">Go to end of slider<\/a>\n            <\/div>\n          \n          <div class=\"swiper-wrapper grid graded-boxes\">\n                          <div class=\"swiper-slide\">\n                \n<article\n  id=\"post-20063\" class=\"teaser-post box box--min-height launimation slideBottom graded-box post-20063 post type-post status-publish format-standard has-post-thumbnail hentry category-for-patients category-news-en tag-clinical-rheumatology tag-kroenke tag-program-area-4\">\n  <div class=\"teaser-post__wrap\">\n    <div class=\"teaser-post__cats\">\n      \n<ul class=\"tag-pills tag-pills--small\" role=\"none\">\n      <li role=\"none\">\n      <span class=\"tag-pill\">\n        <span class=\"visually-hidden\">Kategorie: <\/span>\n        For patients      <\/span>\n    <\/li>\n  <\/ul>    <\/div>\n\n    <div class=\"teaser-post__body\">\n      <time class=\"date\" datetime=\"2025-10-14 10:30:55\">14.10.2025<\/time>\n      <div class=\"teaser-post__title h5\">\n        <a href=\"https:\/\/www.drfz.de\/en\/neuigkeiten\/gerhard-kronke-receives-wolfgang-schulze-foundation-scientific-award-2025\/\" aria-describedby=\"post-20063\"\n          title=\"Gehe zum Beitrag\" rel=\"bookmark\">\n          Gerhard Kr\u00f6nke receives Wolfgang Schulze Foundation Scientific Award 2025        <\/a>\n      <\/div>\n\n              <div class=\"teaser-post__excerpt ellipsis\">\n          Honouring outstanding research achievements for deciphering the mechanism of action of glucocorticoids Prof. Dr. Gerhard Kr\u00f6nke, Director of the Medical Clinic for Rheumatology and Clinical\u2026        <\/div>\n          <\/div>\n  <\/div>\n<\/article>              <\/div>\n                          <div class=\"swiper-slide\">\n                \n<article\n  id=\"post-17475\" class=\"teaser-post box box--min-height launimation slideBottom graded-box post-17475 post type-post status-publish format-standard hentry category-for-patients category-news-en tag-clinical-rheumatology tag-developmental-mucosal-immunology tag-immunobiology-of-inflammation tag-inflammatory-mechanisms tag-innate-immunity tag-macrophages-in-chronic-inflammation tag-program-area-1 tag-program-area-4 working-group-tax-clinical-rheumatology working-group-tax-developmental-and-mucosal-immunology working-group-tax-immunobiology-of-inflammation working-group-tax-inflammatory-mechanisms working-group-tax-innate-immunity working-group-tax-macrophage-biology-and-innate-cellular-networks-in-chronic-inflammatory-diseases\">\n  <div class=\"teaser-post__wrap\">\n    <div class=\"teaser-post__cats\">\n      \n<ul class=\"tag-pills tag-pills--small\" role=\"none\">\n      <li role=\"none\">\n      <span class=\"tag-pill\">\n        <span class=\"visually-hidden\">Kategorie: <\/span>\n        For patients      <\/span>\n    <\/li>\n  <\/ul>    <\/div>\n\n    <div class=\"teaser-post__body\">\n      <time class=\"date\" datetime=\"2025-05-22 15:56:22\">22.05.2025<\/time>\n      <div class=\"teaser-post__title h5\">\n        <a href=\"https:\/\/www.drfz.de\/en\/neuigkeiten\/early-recognition-targeted-intervention-staying-healthy-immunoprecept-unites-top-berlin-research\/\" aria-describedby=\"post-17475\"\n          title=\"Gehe zum Beitrag\" rel=\"bookmark\">\n          Early recognition, targeted intervention, staying healthy: ImmunoPreCept unites top Berlin research        <\/a>\n      <\/div>\n\n              <div class=\"teaser-post__excerpt ellipsis\">\n          The DRFZ is part of the new Cluster of Excellence The German Rheumatology Research Center, a Leibniz Institute, is partner in the new Berlin Cluster\u2026        <\/div>\n          <\/div>\n  <\/div>\n<\/article>              <\/div>\n                          <div class=\"swiper-slide\">\n                \n<article\n  id=\"post-8388\" class=\"teaser-post box box--min-height launimation slideBottom graded-box post-8388 post type-post status-publish format-standard has-post-thumbnail hentry category-news-en tag-kroenke tag-program-area-1 tag-program-area-4\">\n  <div class=\"teaser-post__wrap\">\n    <div class=\"teaser-post__cats\">\n      \n<ul class=\"tag-pills tag-pills--small\" role=\"none\">\n      <li role=\"none\">\n      <span class=\"tag-pill\">\n        <span class=\"visually-hidden\">Kategorie: <\/span>\n        News      <\/span>\n    <\/li>\n  <\/ul>    <\/div>\n\n    <div class=\"teaser-post__body\">\n      <time class=\"date\" datetime=\"2024-07-16 12:51:00\">16.07.2024<\/time>\n      <div class=\"teaser-post__title h5\">\n        <a href=\"https:\/\/www.drfz.de\/en\/neuigkeiten\/symposium-2024-ein-grosser-erfolg\/\" aria-describedby=\"post-8388\"\n          title=\"Gehe zum Beitrag\" rel=\"bookmark\">\n          Berlin Symposium 2024 \u2013 a great success!        <\/a>\n      <\/div>\n\n              <div class=\"teaser-post__excerpt ellipsis\">\n          The symposium \u201cFrom INNATE to ADAPTIVE Immunity \u2013 a question of memory\u201d organised by the DRFZ, the Max Planck Institute for Infection Biology and the\u2026        <\/div>\n          <\/div>\n  <\/div>\n<\/article>              <\/div>\n            \n          <\/div><!-- swiper-wrapper -->\n\n                      <div class=\"slider__pagination slider__pagination--contained\">\n              <button class=\"slider__button-prev\"><\/button>\n              <button class=\"slider__button-next\"><\/button>\n            <\/div>\n          \n                      <div class=\"slider__skip-links-container\">\n              <a id=\"after-slider-block_a206931419601e820f07037a7ad5f831\"\n                 href=\"#before-slider-block_a206931419601e820f07037a7ad5f831\"\n                 class=\"skip-link\">Go to beginning of slider<\/a>\n            <\/div>\n                  <\/div>\n\n                          <div class=\"related-news__load-more text-center\">\n            \n<div class=\"load-more\">\n  <script type=\"application\/json\">\n      {\"customButtonText\":\"Show more\",\"customButtonUrl\":false,\"customButtonClass\":\"button launimation slideBottom\",\"postType\":\"post\",\"postsPerPage\":3,\"paged\":2,\"offset\":0,\"terms\":[{\"taxonomy\":\"post_tag\",\"term_id\":442},{\"taxonomy\":\"post_tag\",\"term_id\":489}],\"termRelation\":\"OR\",\"postWrapClass\":false,\"postTemplate\":\"components\/teaser-post\/teaser-post\",\"postTemplateArgs\":{\"block\":[\"id\",\"block_a206931419601e820f07037a7ad5f831\"],\"classes\":\"posts__slide swiper-slide graded-box\"},\"postsContainer\":\"#news .graded-boxes\",\"loadAction\":\"append\",\"jsEvent\":\"loadMoreNews\",\"wpNonce\":\"4ce209dffa\"}\n  <\/script>\n\n  <div class=\"load-more__loader\">\n    <span class=\"load-more__loader-animation\"><\/span>\n  <\/div>\n\n  <a href=\"https:\/\/www.drfz.de\/en\/\"\n     class=\"load-more__button button launimation slideBottom\">Show more<\/a>\n<\/div>\n          <\/div>\n              <\/div>\n\n    <\/div><!-- container -->\n  <\/section>\n\n\n\n\n  <section id=\"projects\"\n           class=\"section related-projects alignwide related-projects--slider  toc-item\">\n    <div class=\"container container--center\">\n      <div class=\"related-projects__wrap\">\n                  <div class=\"section__heading-container launimation slideBottom\">\n                          <h2 class=\"section__heading\">Projects<\/h2>\n                                  <\/div>\n        \n        \n        <div class=\"related-projects__slider swiper swiper-pull-right\">\n          \n          <div class=\"swiper-wrapper grid graded-boxes\">\n            \n          <\/div><!-- swiper-wrapper -->\n\n          \n                  <\/div>\n\n\n                      <\/div>\n\n    <\/div><!-- container -->\n  <\/section>\n\n  ","protected":false},"excerpt":{"rendered":"","protected":false},"author":1,"featured_media":20607,"menu_order":0,"template":"","department":[295],"function":[],"liaison":[229],"programme-area-function":[],"programme-area-tax":[182],"working-group-function":[521],"working-group-tax":[],"class_list":["post-3781","head","type-head","status-publish","has-post-thumbnail","hentry","department-pa-4-translational-rheumatology","liaison-charite-rheumatology-and-clinical-immunology","programme-area-tax-programme-area-4","working-group-function-group-leader"],"acf":[],"yoast_head":"<!-- This site is optimized with the Yoast SEO plugin v27.5 - https:\/\/yoast.com\/product\/yoast-seo-wordpress\/ -->\n<title>Prof. Dr. Gerhard Kr\u00f6nke - DRFZ<\/title>\n<meta name=\"description\" content=\"Gerhard Kr\u00f6nke heads a liaison research group at the German Rheumatology Research Center Berlin, a Leibniz Institute\" \/>\n<meta name=\"robots\" content=\"index, follow, max-snippet:-1, max-image-preview:large, max-video-preview:-1\" \/>\n<link rel=\"canonical\" href=\"https:\/\/www.drfz.de\/en\/koepfe\/gerhard-kronke\/\" \/>\n<meta property=\"og:locale\" content=\"en_US\" \/>\n<meta property=\"og:type\" content=\"article\" \/>\n<meta property=\"og:title\" content=\"Prof. Dr. Gerhard Kr\u00f6nke - DRFZ\" \/>\n<meta property=\"og:description\" content=\"Gerhard Kr\u00f6nke heads a liaison research group at the German Rheumatology Research Center Berlin, a Leibniz Institute\" \/>\n<meta property=\"og:url\" content=\"https:\/\/www.drfz.de\/en\/koepfe\/gerhard-kronke\/\" \/>\n<meta property=\"og:site_name\" content=\"DRFZ\" \/>\n<meta property=\"article:publisher\" content=\"https:\/\/www.facebook.com\/drfz.de\/\" \/>\n<meta property=\"article:modified_time\" content=\"2026-01-08T13:15:52+00:00\" \/>\n<meta property=\"og:image\" content=\"https:\/\/www.drfz.de\/wp-content\/uploads\/2025\/01\/Kroenke-Gerhard_Foto_J-Hirscher.jpg\" \/>\n\t<meta property=\"og:image:width\" content=\"2000\" \/>\n\t<meta property=\"og:image:height\" content=\"1333\" \/>\n\t<meta property=\"og:image:type\" content=\"image\/jpeg\" \/>\n<meta name=\"twitter:card\" content=\"summary_large_image\" \/>\n<meta name=\"twitter:site\" content=\"@DRFZ_Berlin\" \/>\n<meta name=\"twitter:label1\" content=\"Est. reading time\" \/>\n\t<meta name=\"twitter:data1\" content=\"6 minutes\" \/>\n<script type=\"application\/ld+json\" class=\"yoast-schema-graph\">{\"@context\":\"https:\\\/\\\/schema.org\",\"@graph\":[{\"@type\":\"WebPage\",\"@id\":\"https:\\\/\\\/www.drfz.de\\\/en\\\/koepfe\\\/gerhard-kronke\\\/\",\"url\":\"https:\\\/\\\/www.drfz.de\\\/en\\\/koepfe\\\/gerhard-kronke\\\/\",\"name\":\"Prof. Dr. Gerhard Kr\u00f6nke - DRFZ\",\"isPartOf\":{\"@id\":\"https:\\\/\\\/www.drfz.de\\\/en\\\/#website\"},\"primaryImageOfPage\":{\"@id\":\"https:\\\/\\\/www.drfz.de\\\/en\\\/koepfe\\\/gerhard-kronke\\\/#primaryimage\"},\"image\":{\"@id\":\"https:\\\/\\\/www.drfz.de\\\/en\\\/koepfe\\\/gerhard-kronke\\\/#primaryimage\"},\"thumbnailUrl\":\"https:\\\/\\\/www.drfz.de\\\/wp-content\\\/uploads\\\/2025\\\/01\\\/Kroenke-Gerhard_Foto_J-Hirscher.jpg\",\"datePublished\":\"2025-01-21T14:15:43+00:00\",\"dateModified\":\"2026-01-08T13:15:52+00:00\",\"description\":\"Gerhard Kr\u00f6nke heads a liaison research group at the German Rheumatology Research Center Berlin, a Leibniz Institute\",\"breadcrumb\":{\"@id\":\"https:\\\/\\\/www.drfz.de\\\/en\\\/koepfe\\\/gerhard-kronke\\\/#breadcrumb\"},\"inLanguage\":\"en-US\",\"potentialAction\":[{\"@type\":\"ReadAction\",\"target\":[\"https:\\\/\\\/www.drfz.de\\\/en\\\/koepfe\\\/gerhard-kronke\\\/\"]}]},{\"@type\":\"ImageObject\",\"inLanguage\":\"en-US\",\"@id\":\"https:\\\/\\\/www.drfz.de\\\/en\\\/koepfe\\\/gerhard-kronke\\\/#primaryimage\",\"url\":\"https:\\\/\\\/www.drfz.de\\\/wp-content\\\/uploads\\\/2025\\\/01\\\/Kroenke-Gerhard_Foto_J-Hirscher.jpg\",\"contentUrl\":\"https:\\\/\\\/www.drfz.de\\\/wp-content\\\/uploads\\\/2025\\\/01\\\/Kroenke-Gerhard_Foto_J-Hirscher.jpg\",\"width\":2000,\"height\":1333},{\"@type\":\"BreadcrumbList\",\"@id\":\"https:\\\/\\\/www.drfz.de\\\/en\\\/koepfe\\\/gerhard-kronke\\\/#breadcrumb\",\"itemListElement\":[{\"@type\":\"ListItem\",\"position\":1,\"name\":\"Home\",\"item\":\"https:\\\/\\\/www.drfz.de\\\/en\\\/\"},{\"@type\":\"ListItem\",\"position\":2,\"name\":\"People at the DRFZ\",\"item\":\"https:\\\/\\\/www.drfz.de\\\/en\\\/people-at-the-drfz\\\/\"},{\"@type\":\"ListItem\",\"position\":3,\"name\":\"Prof. Dr. Gerhard Kr\u00f6nke\"}]},{\"@type\":\"WebSite\",\"@id\":\"https:\\\/\\\/www.drfz.de\\\/en\\\/#website\",\"url\":\"https:\\\/\\\/www.drfz.de\\\/en\\\/\",\"name\":\"DRFZ\",\"description\":\"\",\"publisher\":{\"@id\":\"https:\\\/\\\/www.drfz.de\\\/en\\\/#organization\"},\"potentialAction\":[{\"@type\":\"SearchAction\",\"target\":{\"@type\":\"EntryPoint\",\"urlTemplate\":\"https:\\\/\\\/www.drfz.de\\\/en\\\/?s={search_term_string}\"},\"query-input\":{\"@type\":\"PropertyValueSpecification\",\"valueRequired\":true,\"valueName\":\"search_term_string\"}}],\"inLanguage\":\"en-US\"},{\"@type\":\"Organization\",\"@id\":\"https:\\\/\\\/www.drfz.de\\\/en\\\/#organization\",\"name\":\"Deutsches Rheuma-Forschungszentrum\",\"url\":\"https:\\\/\\\/www.drfz.de\\\/en\\\/\",\"logo\":{\"@type\":\"ImageObject\",\"inLanguage\":\"en-US\",\"@id\":\"https:\\\/\\\/www.drfz.de\\\/en\\\/#\\\/schema\\\/logo\\\/image\\\/\",\"url\":\"https:\\\/\\\/www.drfz.de\\\/wp-content\\\/uploads\\\/2024\\\/10\\\/drfz-footer-logo.svg\",\"contentUrl\":\"https:\\\/\\\/www.drfz.de\\\/wp-content\\\/uploads\\\/2024\\\/10\\\/drfz-footer-logo.svg\",\"width\":1,\"height\":1,\"caption\":\"Deutsches Rheuma-Forschungszentrum\"},\"image\":{\"@id\":\"https:\\\/\\\/www.drfz.de\\\/en\\\/#\\\/schema\\\/logo\\\/image\\\/\"},\"sameAs\":[\"https:\\\/\\\/www.facebook.com\\\/drfz.de\\\/\",\"https:\\\/\\\/x.com\\\/DRFZ_Berlin\",\"https:\\\/\\\/www.linkedin.com\\\/company\\\/deutsches-rheuma-forschungszentrum-berlin\",\"https:\\\/\\\/www.youtube.com\\\/channel\\\/UCf8nDuqpkWwcmCWmfSTkE3w\"]}]}<\/script>\n<!-- \/ Yoast SEO plugin. -->","yoast_head_json":{"title":"Prof. Dr. Gerhard Kr\u00f6nke - DRFZ","description":"Gerhard Kr\u00f6nke heads a liaison research group at the German Rheumatology Research Center Berlin, a Leibniz Institute","robots":{"index":"index","follow":"follow","max-snippet":"max-snippet:-1","max-image-preview":"max-image-preview:large","max-video-preview":"max-video-preview:-1"},"canonical":"https:\/\/www.drfz.de\/en\/koepfe\/gerhard-kronke\/","og_locale":"en_US","og_type":"article","og_title":"Prof. Dr. Gerhard Kr\u00f6nke - DRFZ","og_description":"Gerhard Kr\u00f6nke heads a liaison research group at the German Rheumatology Research Center Berlin, a Leibniz Institute","og_url":"https:\/\/www.drfz.de\/en\/koepfe\/gerhard-kronke\/","og_site_name":"DRFZ","article_publisher":"https:\/\/www.facebook.com\/drfz.de\/","article_modified_time":"2026-01-08T13:15:52+00:00","og_image":[{"width":2000,"height":1333,"url":"https:\/\/www.drfz.de\/wp-content\/uploads\/2025\/01\/Kroenke-Gerhard_Foto_J-Hirscher.jpg","type":"image\/jpeg"}],"twitter_card":"summary_large_image","twitter_site":"@DRFZ_Berlin","twitter_misc":{"Est. reading time":"6 minutes"},"schema":{"@context":"https:\/\/schema.org","@graph":[{"@type":"WebPage","@id":"https:\/\/www.drfz.de\/en\/koepfe\/gerhard-kronke\/","url":"https:\/\/www.drfz.de\/en\/koepfe\/gerhard-kronke\/","name":"Prof. Dr. Gerhard Kr\u00f6nke - DRFZ","isPartOf":{"@id":"https:\/\/www.drfz.de\/en\/#website"},"primaryImageOfPage":{"@id":"https:\/\/www.drfz.de\/en\/koepfe\/gerhard-kronke\/#primaryimage"},"image":{"@id":"https:\/\/www.drfz.de\/en\/koepfe\/gerhard-kronke\/#primaryimage"},"thumbnailUrl":"https:\/\/www.drfz.de\/wp-content\/uploads\/2025\/01\/Kroenke-Gerhard_Foto_J-Hirscher.jpg","datePublished":"2025-01-21T14:15:43+00:00","dateModified":"2026-01-08T13:15:52+00:00","description":"Gerhard Kr\u00f6nke heads a liaison research group at the German Rheumatology Research Center Berlin, a Leibniz Institute","breadcrumb":{"@id":"https:\/\/www.drfz.de\/en\/koepfe\/gerhard-kronke\/#breadcrumb"},"inLanguage":"en-US","potentialAction":[{"@type":"ReadAction","target":["https:\/\/www.drfz.de\/en\/koepfe\/gerhard-kronke\/"]}]},{"@type":"ImageObject","inLanguage":"en-US","@id":"https:\/\/www.drfz.de\/en\/koepfe\/gerhard-kronke\/#primaryimage","url":"https:\/\/www.drfz.de\/wp-content\/uploads\/2025\/01\/Kroenke-Gerhard_Foto_J-Hirscher.jpg","contentUrl":"https:\/\/www.drfz.de\/wp-content\/uploads\/2025\/01\/Kroenke-Gerhard_Foto_J-Hirscher.jpg","width":2000,"height":1333},{"@type":"BreadcrumbList","@id":"https:\/\/www.drfz.de\/en\/koepfe\/gerhard-kronke\/#breadcrumb","itemListElement":[{"@type":"ListItem","position":1,"name":"Home","item":"https:\/\/www.drfz.de\/en\/"},{"@type":"ListItem","position":2,"name":"People at the DRFZ","item":"https:\/\/www.drfz.de\/en\/people-at-the-drfz\/"},{"@type":"ListItem","position":3,"name":"Prof. Dr. Gerhard Kr\u00f6nke"}]},{"@type":"WebSite","@id":"https:\/\/www.drfz.de\/en\/#website","url":"https:\/\/www.drfz.de\/en\/","name":"DRFZ","description":"","publisher":{"@id":"https:\/\/www.drfz.de\/en\/#organization"},"potentialAction":[{"@type":"SearchAction","target":{"@type":"EntryPoint","urlTemplate":"https:\/\/www.drfz.de\/en\/?s={search_term_string}"},"query-input":{"@type":"PropertyValueSpecification","valueRequired":true,"valueName":"search_term_string"}}],"inLanguage":"en-US"},{"@type":"Organization","@id":"https:\/\/www.drfz.de\/en\/#organization","name":"Deutsches Rheuma-Forschungszentrum","url":"https:\/\/www.drfz.de\/en\/","logo":{"@type":"ImageObject","inLanguage":"en-US","@id":"https:\/\/www.drfz.de\/en\/#\/schema\/logo\/image\/","url":"https:\/\/www.drfz.de\/wp-content\/uploads\/2024\/10\/drfz-footer-logo.svg","contentUrl":"https:\/\/www.drfz.de\/wp-content\/uploads\/2024\/10\/drfz-footer-logo.svg","width":1,"height":1,"caption":"Deutsches Rheuma-Forschungszentrum"},"image":{"@id":"https:\/\/www.drfz.de\/en\/#\/schema\/logo\/image\/"},"sameAs":["https:\/\/www.facebook.com\/drfz.de\/","https:\/\/x.com\/DRFZ_Berlin","https:\/\/www.linkedin.com\/company\/deutsches-rheuma-forschungszentrum-berlin","https:\/\/www.youtube.com\/channel\/UCf8nDuqpkWwcmCWmfSTkE3w"]}]}},"_links":{"self":[{"href":"https:\/\/www.drfz.de\/en\/wp-json\/wp\/v2\/head\/3781","targetHints":{"allow":["GET"]}}],"collection":[{"href":"https:\/\/www.drfz.de\/en\/wp-json\/wp\/v2\/head"}],"about":[{"href":"https:\/\/www.drfz.de\/en\/wp-json\/wp\/v2\/types\/head"}],"author":[{"embeddable":true,"href":"https:\/\/www.drfz.de\/en\/wp-json\/wp\/v2\/users\/1"}],"version-history":[{"count":22,"href":"https:\/\/www.drfz.de\/en\/wp-json\/wp\/v2\/head\/3781\/revisions"}],"predecessor-version":[{"id":20832,"href":"https:\/\/www.drfz.de\/en\/wp-json\/wp\/v2\/head\/3781\/revisions\/20832"}],"wp:featuredmedia":[{"embeddable":true,"href":"https:\/\/www.drfz.de\/en\/wp-json\/wp\/v2\/media\/20607"}],"wp:attachment":[{"href":"https:\/\/www.drfz.de\/en\/wp-json\/wp\/v2\/media?parent=3781"}],"wp:term":[{"taxonomy":"department","embeddable":true,"href":"https:\/\/www.drfz.de\/en\/wp-json\/wp\/v2\/department?post=3781"},{"taxonomy":"function","embeddable":true,"href":"https:\/\/www.drfz.de\/en\/wp-json\/wp\/v2\/function?post=3781"},{"taxonomy":"liaison","embeddable":true,"href":"https:\/\/www.drfz.de\/en\/wp-json\/wp\/v2\/liaison?post=3781"},{"taxonomy":"programme-area-function","embeddable":true,"href":"https:\/\/www.drfz.de\/en\/wp-json\/wp\/v2\/programme-area-function?post=3781"},{"taxonomy":"programme-area-tax","embeddable":true,"href":"https:\/\/www.drfz.de\/en\/wp-json\/wp\/v2\/programme-area-tax?post=3781"},{"taxonomy":"working-group-function","embeddable":true,"href":"https:\/\/www.drfz.de\/en\/wp-json\/wp\/v2\/working-group-function?post=3781"},{"taxonomy":"working-group-tax","embeddable":true,"href":"https:\/\/www.drfz.de\/en\/wp-json\/wp\/v2\/working-group-tax?post=3781"}],"curies":[{"name":"wp","href":"https:\/\/api.w.org\/{rel}","templated":true}]}}