{"id":3454,"date":"2025-01-22T09:13:10","date_gmt":"2025-01-22T09:13:10","guid":{"rendered":"https:\/\/www.drfz.de\/?post_type=working-group&#038;p=3454"},"modified":"2025-06-25T13:18:18","modified_gmt":"2025-06-25T13:18:18","slug":"kinder-und-jugendrheumatologie","status":"publish","type":"working-group","link":"https:\/\/www.drfz.de\/en\/arbeitsgruppen\/kinder-und-jugendrheumatologie\/","title":{"rendered":"Paediatric Rheumatology and Health Services Research"},"content":{"rendered":"\n<h4 class=\"wp-block-heading alignwide Answers to these questions come from data collected in large observational studies. toc-item\" id=\"research-for-a-better-future\"><strong><strong>Research for a better future<\/strong><\/strong><\/h4>\n\n\n\n<p class=\"alignwide has-text-align-wide wp-block-paragraph\">How soon do children and adolescents access pediatric rheumatology care after symptom onset? What treatments are used, and what outcomes are achieved? How safe are new drugs long-term? How well do patients fare in adulthood, and what factors influence the course of the disease?<\/p>\n\n\n\n<p class=\"alignwide has-text-align-wide wp-block-paragraph\">Answers to these questions are provided by extensive observational studies, which form the basis of our research. The nationwide cohort studies conducted within our research group form the foundation of our research. These cohorts allow us to track developments over time andObservational studies, such as the national Pediatric Rheumatologic Database (NPRD) and the JuMBO biologics registry, enable us to analyze temporal developments and treatment outcomes. In these studies, we were able to determine that the changes in the drug treatment of affected children, adolescents and young adults were accompanied by increasingly better control of disease activity and an improvement in the quality of life of those affected. Consequential damage to the joints and functional limitations in everyday life have become rarer. Most importantly, our studies have shown that early initiation of treatment is crucial for the long-term prognosis of JIA. The earlier patients are treated effectively, the more often they are free of symptoms and treatment in adulthood.<\/p>\n\n\n\n  <section id=\"block_ac533bf914d2f5c9b7205a95a85e0f42\" class=\"section quote alignwide bg bg--full-width bg--aqua-100\">\n\n    <div class=\"container container--center\">\n\n      \n      \n      <figure class=\"quote__quote-wrapper\">\n        <blockquote class=\"quote__quote wysiwyg launimation slideBottom\">\n          The earlier patients are treated effectively, the more often they are free of symptoms and treatment in adulthood.        <\/blockquote>\n                  <figcaption class=\"launimation slideBottom\">Prof. Dr. med. Kirsten Minden<\/figcaption>\n              <\/figure>\n\n    <\/div><!-- container -->\n\n  <\/section>\n\n\n\n\n  <section id=\"projects\"\n           class=\"section related-projects alignwide related-projects--slider  toc-item\">\n    <div class=\"container container--center\">\n      <div class=\"related-projects__wrap\">\n                  <div class=\"section__heading-container launimation slideBottom\">\n                          <h2 class=\"section__heading\">Projects<\/h2>\n                                  <\/div>\n        \n        \n        <div class=\"related-projects__slider swiper swiper-pull-right\">\n                      <div class=\"slider__skip-links-container\">\n              <a id=\"before-slider-block_2107081648bb0e9cddb8a07cfde64513\"\n                 href=\"#after-slider-block_2107081648bb0e9cddb8a07cfde64513\"\n                 class=\"slider-skip-link\">Go to end of slider<\/a>\n            <\/div>\n          \n          <div class=\"swiper-wrapper grid graded-boxes\">\n                          <div class=\"swiper-slide\">\n                <article\n  id=\"post-14123\" class=\"teaser-project box launimation slideBottom graded-box post-14123 project type-project status-publish hentry programme-area-tax-programme-area-2 supporter-foundation working-group-tax-paediatric-rheumatology-and-health-services-research\">\n  <div class=\"teaser-project__wrap\">\n          <div class=\"teaser-project__cats\">\n        \n<ul class=\"tag-pills tag-pills--small\" role=\"none\">\n      <li role=\"none\">\n      <span class=\"tag-pill\">\n        <span class=\"visually-hidden\">Kategorie: <\/span>\n        Foundation      <\/span>\n    <\/li>\n  <\/ul>      <\/div>\n    \n    <div class=\"teaser-project__body\">\n      <div class=\"teaser-project__title h5\">\n        <a href=\"https:\/\/www.drfz.de\/en\/forschungsprojekte\/kerndokumentation-rheumakranker-kinder-und-jugendlicher\/\" aria-describedby=\"post-14123\"\n          title=\"Gehe zum Beitrag\" rel=\"bookmark\">\n          National Pediatric Rheumatologic Database (NPRD)        <\/a>\n      <\/div>\n    <\/div>\n  <\/div>\n<\/article>              <\/div>\n                          <div class=\"swiper-slide\">\n                <article\n  id=\"post-14338\" class=\"teaser-project box launimation slideBottom graded-box post-14338 project type-project status-publish hentry programme-area-tax-programme-area-2 supporter-innovationsfonds-g-ba-en working-group-tax-paediatric-rheumatology-and-health-services-research\">\n  <div class=\"teaser-project__wrap\">\n          <div class=\"teaser-project__cats\">\n        \n<ul class=\"tag-pills tag-pills--small\" role=\"none\">\n      <li role=\"none\">\n      <span class=\"tag-pill\">\n        <span class=\"visually-hidden\">Kategorie: <\/span>\n        Innovationsfonds (G-BA)      <\/span>\n    <\/li>\n  <\/ul>      <\/div>\n    \n    <div class=\"teaser-project__body\">\n      <div class=\"teaser-project__title h5\">\n        <a href=\"https:\/\/www.drfz.de\/en\/forschungsprojekte\/prokind-projekte-zur-klassifikation-uberwachung-und-therapie-in-der-kinderrheumatologie\/\" aria-describedby=\"post-14338\"\n          title=\"Gehe zum Beitrag\" rel=\"bookmark\">\n          Protocols on classification, monitoring and therapy in children&#039;s rheumatology (ProKind)        <\/a>\n      <\/div>\n    <\/div>\n  <\/div>\n<\/article>              <\/div>\n                          <div class=\"swiper-slide\">\n                <article\n  id=\"post-14381\" class=\"teaser-project box launimation slideBottom graded-box post-14381 project type-project status-publish hentry programme-area-tax-programme-area-2 supporter-foundation working-group-tax-paediatric-rheumatology-and-health-services-research\">\n  <div class=\"teaser-project__wrap\">\n          <div class=\"teaser-project__cats\">\n        \n<ul class=\"tag-pills tag-pills--small\" role=\"none\">\n      <li role=\"none\">\n      <span class=\"tag-pill\">\n        <span class=\"visually-hidden\">Kategorie: <\/span>\n        Foundation      <\/span>\n    <\/li>\n  <\/ul>      <\/div>\n    \n    <div class=\"teaser-project__body\">\n      <div class=\"teaser-project__title h5\">\n        <a href=\"https:\/\/www.drfz.de\/en\/forschungsprojekte\/improving-the-health-of-children-and-adolescents-with-autoinflammatory-diseases-aid\/\" aria-describedby=\"post-14381\"\n          title=\"Gehe zum Beitrag\" rel=\"bookmark\">\n          Improving the health of children and adolescents with autoinflammatory diseases (Pro-AID)        <\/a>\n      <\/div>\n    <\/div>\n  <\/div>\n<\/article>              <\/div>\n                          <div class=\"swiper-slide\">\n                <article\n  id=\"post-16191\" class=\"teaser-project box launimation slideBottom graded-box post-16191 project type-project status-publish has-post-thumbnail hentry programme-area-tax-programme-area-2 supporter-innovationsfonds-g-ba-en working-group-tax-paediatric-rheumatology-and-health-services-research\">\n  <div class=\"teaser-project__wrap\">\n          <div class=\"teaser-project__cats\">\n        \n<ul class=\"tag-pills tag-pills--small\" role=\"none\">\n      <li role=\"none\">\n      <span class=\"tag-pill\">\n        <span class=\"visually-hidden\">Kategorie: <\/span>\n        Innovationsfonds (G-BA)      <\/span>\n    <\/li>\n  <\/ul>      <\/div>\n    \n    <div class=\"teaser-project__body\">\n      <div class=\"teaser-project__title h5\">\n        <a href=\"https:\/\/www.drfz.de\/en\/forschungsprojekte\/optimization-of-information-transfer-at-the-pediatric-adult-rheumatology-interface-infotrans\/\" aria-describedby=\"post-16191\"\n          title=\"Gehe zum Beitrag\" rel=\"bookmark\">\n          Optimization of information transfer at the pediatric\/adult rheumatology interface (InfoTrans)        <\/a>\n      <\/div>\n    <\/div>\n  <\/div>\n<\/article>              <\/div>\n                          <div class=\"swiper-slide\">\n                <article\n  id=\"post-16220\" class=\"teaser-project box launimation slideBottom graded-box post-16220 project type-project status-publish hentry programme-area-tax-programme-area-2 supporter-bmbf-en working-group-tax-paediatric-rheumatology-and-health-services-research\">\n  <div class=\"teaser-project__wrap\">\n          <div class=\"teaser-project__cats\">\n        \n<ul class=\"tag-pills tag-pills--small\" role=\"none\">\n      <li role=\"none\">\n      <span class=\"tag-pill\">\n        <span class=\"visually-hidden\">Kategorie: <\/span>\n        BMFTR      <\/span>\n    <\/li>\n  <\/ul>      <\/div>\n    \n    <div class=\"teaser-project__body\">\n      <div class=\"teaser-project__title h5\">\n        <a href=\"https:\/\/www.drfz.de\/en\/forschungsprojekte\/icon\/\" aria-describedby=\"post-16220\"\n          title=\"Gehe zum Beitrag\" rel=\"bookmark\">\n          ICON        <\/a>\n      <\/div>\n    <\/div>\n  <\/div>\n<\/article>              <\/div>\n                          <div class=\"swiper-slide\">\n                <article\n  id=\"post-14307\" class=\"teaser-project box launimation slideBottom graded-box post-14307 project type-project status-publish hentry programme-area-tax-programme-area-2 supporter-bmbf-en working-group-tax-paediatric-rheumatology-and-health-services-research\">\n  <div class=\"teaser-project__wrap\">\n          <div class=\"teaser-project__cats\">\n        \n<ul class=\"tag-pills tag-pills--small\" role=\"none\">\n      <li role=\"none\">\n      <span class=\"tag-pill\">\n        <span class=\"visually-hidden\">Kategorie: <\/span>\n        BMFTR      <\/span>\n    <\/li>\n  <\/ul>      <\/div>\n    \n    <div class=\"teaser-project__body\">\n      <div class=\"teaser-project__title h5\">\n        <a href=\"https:\/\/www.drfz.de\/en\/forschungsprojekte\/coach-chronic-conditions-in-adolescents-implementation-and-evaluation-of-patient-centred-collaborative-healthcare\/\" aria-describedby=\"post-14307\"\n          title=\"Gehe zum Beitrag\" rel=\"bookmark\">\n          COACH &#8211; Chronic Conditions in Adolescents: Implementation and Evaluation of Patient-centred &#8211; Collaborative Healthcare        <\/a>\n      <\/div>\n    <\/div>\n  <\/div>\n<\/article>              <\/div>\n                          <div class=\"swiper-slide\">\n                <article\n  id=\"post-4121\" class=\"teaser-project box launimation slideBottom graded-box post-4121 project type-project status-publish hentry programme-area-tax-programme-area-2 supporter-dfg-en working-group-tax-paediatric-rheumatology-and-health-services-research\">\n  <div class=\"teaser-project__wrap\">\n          <div class=\"teaser-project__cats\">\n        \n<ul class=\"tag-pills tag-pills--small\" role=\"none\">\n      <li role=\"none\">\n      <span class=\"tag-pill\">\n        <span class=\"visually-hidden\">Kategorie: <\/span>\n        DFG      <\/span>\n    <\/li>\n  <\/ul>      <\/div>\n    \n    <div class=\"teaser-project__body\">\n      <div class=\"teaser-project__title h5\">\n        <a href=\"https:\/\/www.drfz.de\/en\/forschungsprojekte\/kick-covid\/\" aria-describedby=\"post-4121\"\n          title=\"Gehe zum Beitrag\" rel=\"bookmark\">\n          kick COVID &#8211; A prospective analysis of the long-term impact of the COVID-19 pandemic on well-being and health care among children with a high-risk chronic condition and their families        <\/a>\n      <\/div>\n    <\/div>\n  <\/div>\n<\/article>              <\/div>\n                          <div class=\"swiper-slide\">\n                <article\n  id=\"post-16234\" class=\"teaser-project box launimation slideBottom graded-box post-16234 project type-project status-publish hentry programme-area-tax-programme-area-2 supporter-bmbf-en supporter-european-union\">\n  <div class=\"teaser-project__wrap\">\n          <div class=\"teaser-project__cats\">\n        \n<ul class=\"tag-pills tag-pills--small\" >\n      <li >\n      <span class=\"tag-pill\">\n        <span class=\"visually-hidden\">Kategorie: <\/span>\n        BMFTR      <\/span>\n    <\/li>\n      <li >\n      <span class=\"tag-pill\">\n        <span class=\"visually-hidden\">Kategorie: <\/span>\n        European Union      <\/span>\n    <\/li>\n  <\/ul>      <\/div>\n    \n    <div class=\"teaser-project__body\">\n      <div class=\"teaser-project__title h5\">\n        <a href=\"https:\/\/www.drfz.de\/en\/forschungsprojekte\/producing-an-arthritis-value-framework-with-economic-evidence-paving-the-way-for-rare-childhood-diseases-pave\/\" aria-describedby=\"post-16234\"\n          title=\"Gehe zum Beitrag\" rel=\"bookmark\">\n          Producing an Arthritis Value-Framework with Economic Evidence \u2013 Paving the Way for Rare Childhood Diseases (PAVE)        <\/a>\n      <\/div>\n    <\/div>\n  <\/div>\n<\/article>              <\/div>\n                          <div class=\"swiper-slide\">\n                <article\n  id=\"post-15739\" class=\"teaser-project box launimation slideBottom graded-box post-15739 project type-project status-publish hentry programme-area-tax-programme-area-2 supporter-bmbf-en working-group-tax-paediatric-rheumatology-and-health-services-research\">\n  <div class=\"teaser-project__wrap\">\n          <div class=\"teaser-project__cats\">\n        \n<ul class=\"tag-pills tag-pills--small\" role=\"none\">\n      <li role=\"none\">\n      <span class=\"tag-pill\">\n        <span class=\"visually-hidden\">Kategorie: <\/span>\n        BMFTR      <\/span>\n    <\/li>\n  <\/ul>      <\/div>\n    \n    <div class=\"teaser-project__body\">\n      <div class=\"teaser-project__title h5\">\n        <a href=\"https:\/\/www.drfz.de\/en\/forschungsprojekte\/actimon-activity-monitoring-in-adolescents-and-young-adults-with-inflammatory-rheumatic-musculoskeletal-diseases\/\" aria-describedby=\"post-15739\"\n          title=\"Gehe zum Beitrag\" rel=\"bookmark\">\n          ActiMON &#8211; Activity monitoring in adolescents and young adults with inflammatory rheumatic musculoskeletal diseases        <\/a>\n      <\/div>\n    <\/div>\n  <\/div>\n<\/article>              <\/div>\n                          <div class=\"swiper-slide\">\n                <article\n  id=\"post-4472\" class=\"teaser-project box launimation slideBottom graded-box post-4472 project type-project status-publish hentry programme-area-tax-programme-area-1 programme-area-tax-programme-area-2 programme-area-tax-programme-area-3 supporter-bmbf-en working-group-tax-chronic-inflammation-in-childhood working-group-tax-developmental-and-mucosal-immunology working-group-tax-paediatric-rheumatology-and-health-services-research working-group-tax-therapeutic-gene-regulation\">\n  <div class=\"teaser-project__wrap\">\n          <div class=\"teaser-project__cats\">\n        \n<ul class=\"tag-pills tag-pills--small\" role=\"none\">\n      <li role=\"none\">\n      <span class=\"tag-pill\">\n        <span class=\"visually-hidden\">Kategorie: <\/span>\n        BMFTR      <\/span>\n    <\/li>\n  <\/ul>      <\/div>\n    \n    <div class=\"teaser-project__body\">\n      <div class=\"teaser-project__title h5\">\n        <a href=\"https:\/\/www.drfz.de\/en\/forschungsprojekte\/german-centre-for-child-and-adolescent-health-dzkj\/\" aria-describedby=\"post-4472\"\n          title=\"Gehe zum Beitrag\" rel=\"bookmark\">\n          German Centre for Child and Adolescent Health (DZKJ)        <\/a>\n      <\/div>\n    <\/div>\n  <\/div>\n<\/article>              <\/div>\n                          <div class=\"swiper-slide\">\n                <article\n  id=\"post-15393\" class=\"teaser-project box launimation slideBottom graded-box post-15393 project type-project status-publish hentry programme-area-tax-programme-area-2 supporter-innovationsfonds-g-ba-en working-group-tax-paediatric-rheumatology-and-health-services-research\">\n  <div class=\"teaser-project__wrap\">\n          <div class=\"teaser-project__cats\">\n        \n<ul class=\"tag-pills tag-pills--small\" role=\"none\">\n      <li role=\"none\">\n      <span class=\"tag-pill\">\n        <span class=\"visually-hidden\">Kategorie: <\/span>\n        Innovationsfonds (G-BA)      <\/span>\n    <\/li>\n  <\/ul>      <\/div>\n    \n    <div class=\"teaser-project__body\">\n      <div class=\"teaser-project__title h5\">\n        <a href=\"https:\/\/www.drfz.de\/en\/forschungsprojekte\/aer-comed-teilprojekt-2-untersuchung-der-haufigkeit-und-auswirkungen-der-kombinierten-einnahme-antirheumatischer-medikamente-mit-potentiellen-wechselwirkungen\/\" aria-describedby=\"post-15393\"\n          title=\"Gehe zum Beitrag\" rel=\"bookmark\">\n          AER-COMED (sub-project 2): Risks of long-term therapy in young adults with juvenile idiopathic arthritis (JIA)        <\/a>\n      <\/div>\n    <\/div>\n  <\/div>\n<\/article>              <\/div>\n            \n          <\/div><!-- swiper-wrapper -->\n\n                      <div class=\"slider__pagination slider__pagination--contained\">\n              <button class=\"slider__button-prev\"><\/button>\n              <button class=\"slider__button-next\"><\/button>\n            <\/div>\n          \n                      <div class=\"slider__skip-links-container\">\n              <a id=\"after-slider-block_2107081648bb0e9cddb8a07cfde64513\"\n                 href=\"#before-slider-block_2107081648bb0e9cddb8a07cfde64513\"\n                 class=\"skip-link\">Go to beginning of slider<\/a>\n            <\/div>\n                  <\/div>\n\n\n                      <\/div>\n\n    <\/div><!-- container -->\n  <\/section>\n\n  \n\n\n  <section id=\"members\"\n           class=\"section accordion  accordion--double-column alignwide  toc-item\"\n           data-open=\"single\">\n    <div class=\"container container--center container--medium\">\n              <h2 class=\"h3 section__heading launimation slideBottom\">Members<\/h2>\n      \n      \n              <div class=\"accordion__filters\">\n          \n<div class=\"pills swiper\" data-has-aria=\"1\" data-event=\"accordionCategoryChanged\">\n  <div class=\"pills__wrap swiper-wrapper\" role=\"tablist\">\n    <button id=\"tab-team\" class=\"pill swiper-slide\" aria-selected=\"true\" aria-controls=\"panel-team\">Team<\/button><button id=\"tab-associated-scientists\" class=\"pill swiper-slide\" aria-selected=\"false\" aria-controls=\"panel-associated-scientists\">Associated scientists<\/button>  <\/div>\n<\/div>\n        <\/div>\n      \n              <div id=\"panel-team\"\n             class=\"accordion__category active\" role=\"tabpanel\"\n             aria-labelledby=\"tab-team\">\n                    <script type=\"application\/ld+json\">\n            {\n              \"@context\": \"https:\/\/schema.org\",\n              \"@type\": \"FAQPage\",\n              \"mainEntity\": [{\"@type\": \"Question\",\"name\": \"Prof. Dr. Kirsten Minden\",\"acceptedAnswer\": {\"@type\": \"Answer\",\"text\": \"+49 (0)30 28460-669\nminden@drfz.de\"}},{\"@type\": \"Question\",\"name\": \"PD Dr. Jens Klotsche\",\"acceptedAnswer\": {\"@type\": \"Answer\",\"text\": \"+49 (0)30 28460-770\njens.klotsche@drfz.de\"}},{\"@type\": \"Question\",\"name\": \"Dr. Claudia Sengler\",\"acceptedAnswer\": {\"@type\": \"Answer\",\"text\": \"sengler@drfz.de\"}},{\"@type\": \"Question\",\"name\": \"Dr. Florian Milatz\",\"acceptedAnswer\": {\"@type\": \"Answer\",\"text\": \"+49 (0)30 28460-743\nflorian.milatz@drfz.de\"}},{\"@type\": \"Question\",\"name\": \"Ina Liedmann\",\"acceptedAnswer\": {\"@type\": \"Answer\",\"text\": \"+49 (0)30 28460-742\nliedmann@drfz.de\"}},{\"@type\": \"Question\",\"name\": \"Nadine Gr\u00f6sch\",\"acceptedAnswer\": {\"@type\": \"Answer\",\"text\": \"nadine.groesch@drfz.de\"}},{\"@type\": \"Question\",\"name\": \"Cindy Doerwald\",\"acceptedAnswer\": {\"@type\": \"Answer\",\"text\": \"+49 (0)30 28460-788\ncindy.doerwald@drfz.de\"}},{\"@type\": \"Question\",\"name\": \"Jana Tomuscheit\",\"acceptedAnswer\": {\"@type\": \"Answer\",\"text\": \"+49 (0)30 28460-743\ntomuscheit@drfz.de\"}},{\"@type\": \"Question\",\"name\": \"Laura Conrad\",\"acceptedAnswer\": {\"@type\": \"Answer\",\"text\": \"conrad@drfz.de\"}},{\"@type\": \"Question\",\"name\": \"Doctoral candidates\",\"acceptedAnswer\": {\"@type\": \"Answer\",\"text\": \"Nadine Betenstehl\nJuliane Riess\nHenriette Haney\nSabine Kirchner\nLaura Montag\"}},{\"@type\": \"Question\",\"name\": \"Students\",\"acceptedAnswer\": {\"@type\": \"Answer\",\"text\": \"Theresia Giersdorf\nNancy Trautwein\nAntonia Peil\nAntonia Schwalbe\"}}]\n            }\n          <\/script>\n\n          <div class=\"accordion__content\">\n                          <div class=\"accordion-item accordion-item--has-image box box--accordion over launimation slideBottom\">\n                <button class=\"accordion-item__title\"\n                        aria-expanded=\"false\"\n                        aria-controls=\"accordion_69f7163fd8703_0\"\n                        aria-label=\"Zeige den Inhalt an\">\n                    <span class=\"accordion-item__title-wrapper\">\n                      <span class=\"accordion-item__title-main h5\">Prof. Dr. Kirsten Minden<\/span>\n                                              <span class=\"accordion-item__title-subtitle\">Group leader<\/span>\n                                          <\/span>\n                  <span class=\"icon-wrapper\"><\/span>\n                <\/button>\n\n                <div class=\"accordion-item__content-container\" id=\"accordion_69f7163fd8703_0\">\n                  <div class=\"accordion-item__content\">\n                    <img decoding=\"async\" loading=\"lazy\" sizes=\"auto, (max-width: 990px) calc(100vw - 2 * var(--container-padding-inline), 300px\" src=\"https:\/\/www.drfz.de\/wp-content\/uploads\/2025\/01\/Minden-150x84.jpg\" data-src=\"https:\/\/www.drfz.de\/wp-content\/uploads\/2025\/01\/Minden.jpg\" data-srcset=\"https:\/\/www.drfz.de\/wp-content\/uploads\/2025\/01\/Minden.jpg 1920w, https:\/\/www.drfz.de\/wp-content\/uploads\/2025\/01\/Minden.jpg 1600w, https:\/\/www.drfz.de\/wp-content\/uploads\/2025\/01\/Minden.jpg 1366w, https:\/\/www.drfz.de\/wp-content\/uploads\/2025\/01\/Minden.jpg 1024w, https:\/\/www.drfz.de\/wp-content\/uploads\/2025\/01\/Minden-768x432.jpg 768w, https:\/\/www.drfz.de\/wp-content\/uploads\/2025\/01\/Minden-550x310.jpg 550w\" class=\"accordion-item__image\" alt=\"\"  width=\"1000\"  height=\"563\">\n                    <div class=\"accordion-item__content-text wysiwyg\">\n                      <p>+49 (0)30 28460-669<br \/>\nminden@drfz.de<\/p>\n\n                      <a href=\"\/koepfe\/prof-dr-med-kirsten-minden\/\" class=\"accordion-item__button button button--arrow button--arrow-link circle\" title=\"Prof. Dr. med. Kirsten Minden\" target=\"_self\"><span>Prof. Dr. med. Kirsten Minden<\/span><\/a>                    <\/div>\n                  <\/div>\n                <\/div>\n              <\/div>\n                          <div class=\"accordion-item accordion-item--has-image box box--accordion over launimation slideBottom\">\n                <button class=\"accordion-item__title\"\n                        aria-expanded=\"false\"\n                        aria-controls=\"accordion_69f7163fd8703_1\"\n                        aria-label=\"Zeige den Inhalt an\">\n                    <span class=\"accordion-item__title-wrapper\">\n                      <span class=\"accordion-item__title-main h5\">PD Dr. Jens Klotsche<\/span>\n                                              <span class=\"accordion-item__title-subtitle\">Deputy Group Leader<\/span>\n                                          <\/span>\n                  <span class=\"icon-wrapper\"><\/span>\n                <\/button>\n\n                <div class=\"accordion-item__content-container\" id=\"accordion_69f7163fd8703_1\">\n                  <div class=\"accordion-item__content\">\n                    <img decoding=\"async\" loading=\"lazy\" sizes=\"auto, (max-width: 990px) calc(100vw - 2 * var(--container-padding-inline), 300px\" src=\"https:\/\/www.drfz.de\/wp-content\/uploads\/2025\/01\/Jens-150x100.jpg\" data-src=\"https:\/\/www.drfz.de\/wp-content\/uploads\/2025\/01\/Jens-1024x682.jpg\" data-srcset=\"https:\/\/www.drfz.de\/wp-content\/uploads\/2025\/01\/Jens-1920x1278.jpg 1920w, https:\/\/www.drfz.de\/wp-content\/uploads\/2025\/01\/Jens-1600x1065.jpg 1600w, https:\/\/www.drfz.de\/wp-content\/uploads\/2025\/01\/Jens-1366x909.jpg 1366w, https:\/\/www.drfz.de\/wp-content\/uploads\/2025\/01\/Jens-1024x682.jpg 1024w, https:\/\/www.drfz.de\/wp-content\/uploads\/2025\/01\/Jens-768x511.jpg 768w, https:\/\/www.drfz.de\/wp-content\/uploads\/2025\/01\/Jens-550x366.jpg 550w\" class=\"accordion-item__image\" alt=\"\"  width=\"1024\"  height=\"682\">\n                    <div class=\"accordion-item__content-text wysiwyg\">\n                      <p>+49 (0)30 28460-770<br \/>\njens.klotsche@drfz.de<\/p>\n\n                      <a href=\"\/koepfe\/pd-dr-jens-klotsche\/\" class=\"accordion-item__button button button--arrow button--arrow-link circle\" title=\"PD Dr. Jens Klotsche\" target=\"_self\"><span>PD Dr. Jens Klotsche<\/span><\/a>                    <\/div>\n                  <\/div>\n                <\/div>\n              <\/div>\n                          <div class=\"accordion-item  box box--accordion over launimation slideBottom\">\n                <button class=\"accordion-item__title\"\n                        aria-expanded=\"false\"\n                        aria-controls=\"accordion_69f7163fd8703_2\"\n                        aria-label=\"Zeige den Inhalt an\">\n                    <span class=\"accordion-item__title-wrapper\">\n                      <span class=\"accordion-item__title-main h5\">Dr. Claudia Sengler<\/span>\n                                              <span class=\"accordion-item__title-subtitle\">Scientists<\/span>\n                                          <\/span>\n                  <span class=\"icon-wrapper\"><\/span>\n                <\/button>\n\n                <div class=\"accordion-item__content-container\" id=\"accordion_69f7163fd8703_2\">\n                  <div class=\"accordion-item__content\">\n                    \n                    <div class=\"accordion-item__content-text wysiwyg\">\n                      <p>sengler@drfz.de<\/p>\n\n                                          <\/div>\n                  <\/div>\n                <\/div>\n              <\/div>\n                          <div class=\"accordion-item accordion-item--has-image box box--accordion over launimation slideBottom\">\n                <button class=\"accordion-item__title\"\n                        aria-expanded=\"false\"\n                        aria-controls=\"accordion_69f7163fd8703_3\"\n                        aria-label=\"Zeige den Inhalt an\">\n                    <span class=\"accordion-item__title-wrapper\">\n                      <span class=\"accordion-item__title-main h5\">Dr. Florian Milatz<\/span>\n                                              <span class=\"accordion-item__title-subtitle\">Scientists<\/span>\n                                          <\/span>\n                  <span class=\"icon-wrapper\"><\/span>\n                <\/button>\n\n                <div class=\"accordion-item__content-container\" id=\"accordion_69f7163fd8703_3\">\n                  <div class=\"accordion-item__content\">\n                    <img decoding=\"async\" loading=\"lazy\" sizes=\"auto, (max-width: 990px) calc(100vw - 2 * var(--container-padding-inline), 300px\" src=\"https:\/\/www.drfz.de\/wp-content\/uploads\/2025\/02\/JAH00824-150x100.jpg\" data-src=\"https:\/\/www.drfz.de\/wp-content\/uploads\/2025\/02\/JAH00824.jpg\" data-srcset=\"https:\/\/www.drfz.de\/wp-content\/uploads\/2025\/02\/JAH00824.jpg 1920w, https:\/\/www.drfz.de\/wp-content\/uploads\/2025\/02\/JAH00824.jpg 1600w, https:\/\/www.drfz.de\/wp-content\/uploads\/2025\/02\/JAH00824.jpg 1366w, https:\/\/www.drfz.de\/wp-content\/uploads\/2025\/02\/JAH00824.jpg 1024w, https:\/\/www.drfz.de\/wp-content\/uploads\/2025\/02\/JAH00824-768x512.jpg 768w, https:\/\/www.drfz.de\/wp-content\/uploads\/2025\/02\/JAH00824-550x367.jpg 550w\" class=\"accordion-item__image\" alt=\"\"  width=\"1000\"  height=\"667\">\n                    <div class=\"accordion-item__content-text wysiwyg\">\n                      <p>+49 (0)30 28460-743<br \/>\nflorian.milatz@drfz.de<\/p>\n\n                      <a href=\"\/koepfe\/dr-rer-medic-florian-milatz\/\" class=\"accordion-item__button button button--arrow button--arrow-link circle\" title=\"Dr. rer. medic. Florian Milatz\" target=\"_self\"><span>Dr. rer. medic. Florian Milatz<\/span><\/a>                    <\/div>\n                  <\/div>\n                <\/div>\n              <\/div>\n                          <div class=\"accordion-item  box box--accordion over launimation slideBottom\">\n                <button class=\"accordion-item__title\"\n                        aria-expanded=\"false\"\n                        aria-controls=\"accordion_69f7163fd8703_4\"\n                        aria-label=\"Zeige den Inhalt an\">\n                    <span class=\"accordion-item__title-wrapper\">\n                      <span class=\"accordion-item__title-main h5\">Ina Liedmann<\/span>\n                                              <span class=\"accordion-item__title-subtitle\">Medical data manager<\/span>\n                                          <\/span>\n                  <span class=\"icon-wrapper\"><\/span>\n                <\/button>\n\n                <div class=\"accordion-item__content-container\" id=\"accordion_69f7163fd8703_4\">\n                  <div class=\"accordion-item__content\">\n                    \n                    <div class=\"accordion-item__content-text wysiwyg\">\n                      <p>+49 (0)30 28460-742<br \/>\nliedmann@drfz.de<\/p>\n\n                                          <\/div>\n                  <\/div>\n                <\/div>\n              <\/div>\n                          <div class=\"accordion-item  box box--accordion over launimation slideBottom\">\n                <button class=\"accordion-item__title\"\n                        aria-expanded=\"false\"\n                        aria-controls=\"accordion_69f7163fd8703_5\"\n                        aria-label=\"Zeige den Inhalt an\">\n                    <span class=\"accordion-item__title-wrapper\">\n                      <span class=\"accordion-item__title-main h5\">Nadine Gr\u00f6sch<\/span>\n                                              <span class=\"accordion-item__title-subtitle\">Medical data manager<\/span>\n                                          <\/span>\n                  <span class=\"icon-wrapper\"><\/span>\n                <\/button>\n\n                <div class=\"accordion-item__content-container\" id=\"accordion_69f7163fd8703_5\">\n                  <div class=\"accordion-item__content\">\n                    \n                    <div class=\"accordion-item__content-text wysiwyg\">\n                      <p>nadine.groesch@drfz.de<\/p>\n\n                                          <\/div>\n                  <\/div>\n                <\/div>\n              <\/div>\n                          <div class=\"accordion-item  box box--accordion over launimation slideBottom\">\n                <button class=\"accordion-item__title\"\n                        aria-expanded=\"false\"\n                        aria-controls=\"accordion_69f7163fd8703_6\"\n                        aria-label=\"Zeige den Inhalt an\">\n                    <span class=\"accordion-item__title-wrapper\">\n                      <span class=\"accordion-item__title-main h5\">Cindy Doerwald<\/span>\n                                              <span class=\"accordion-item__title-subtitle\">Medical data manager<\/span>\n                                          <\/span>\n                  <span class=\"icon-wrapper\"><\/span>\n                <\/button>\n\n                <div class=\"accordion-item__content-container\" id=\"accordion_69f7163fd8703_6\">\n                  <div class=\"accordion-item__content\">\n                    \n                    <div class=\"accordion-item__content-text wysiwyg\">\n                      <p>+49 (0)30 28460-788<br \/>\ncindy.doerwald@drfz.de<\/p>\n\n                                          <\/div>\n                  <\/div>\n                <\/div>\n              <\/div>\n                          <div class=\"accordion-item  box box--accordion over launimation slideBottom\">\n                <button class=\"accordion-item__title\"\n                        aria-expanded=\"false\"\n                        aria-controls=\"accordion_69f7163fd8703_7\"\n                        aria-label=\"Zeige den Inhalt an\">\n                    <span class=\"accordion-item__title-wrapper\">\n                      <span class=\"accordion-item__title-main h5\">Jana Tomuscheit<\/span>\n                                              <span class=\"accordion-item__title-subtitle\">Database programmer \/ Interfaces<\/span>\n                                          <\/span>\n                  <span class=\"icon-wrapper\"><\/span>\n                <\/button>\n\n                <div class=\"accordion-item__content-container\" id=\"accordion_69f7163fd8703_7\">\n                  <div class=\"accordion-item__content\">\n                    \n                    <div class=\"accordion-item__content-text wysiwyg\">\n                      <p>+49 (0)30 28460-743<br \/>\ntomuscheit@drfz.de<\/p>\n\n                                          <\/div>\n                  <\/div>\n                <\/div>\n              <\/div>\n                          <div class=\"accordion-item  box box--accordion over launimation slideBottom\">\n                <button class=\"accordion-item__title\"\n                        aria-expanded=\"false\"\n                        aria-controls=\"accordion_69f7163fd8703_8\"\n                        aria-label=\"Zeige den Inhalt an\">\n                    <span class=\"accordion-item__title-wrapper\">\n                      <span class=\"accordion-item__title-main h5\">Laura Conrad<\/span>\n                                              <span class=\"accordion-item__title-subtitle\">PhD student<\/span>\n                                          <\/span>\n                  <span class=\"icon-wrapper\"><\/span>\n                <\/button>\n\n                <div class=\"accordion-item__content-container\" id=\"accordion_69f7163fd8703_8\">\n                  <div class=\"accordion-item__content\">\n                    \n                    <div class=\"accordion-item__content-text wysiwyg\">\n                      <p>conrad@drfz.de<\/p>\n\n                                          <\/div>\n                  <\/div>\n                <\/div>\n              <\/div>\n                          <div class=\"accordion-item  box box--accordion over launimation slideBottom\">\n                <button class=\"accordion-item__title\"\n                        aria-expanded=\"false\"\n                        aria-controls=\"accordion_69f7163fd8703_9\"\n                        aria-label=\"Zeige den Inhalt an\">\n                    <span class=\"accordion-item__title-wrapper\">\n                      <span class=\"accordion-item__title-main h5\">Doctoral candidates<\/span>\n                                              <span class=\"accordion-item__title-subtitle\">  \u3164<\/span>\n                                          <\/span>\n                  <span class=\"icon-wrapper\"><\/span>\n                <\/button>\n\n                <div class=\"accordion-item__content-container\" id=\"accordion_69f7163fd8703_9\">\n                  <div class=\"accordion-item__content\">\n                    \n                    <div class=\"accordion-item__content-text wysiwyg\">\n                      <p>Nadine Betenstehl<\/p>\n<p>Juliane Riess<\/p>\n<p>Henriette Haney<\/p>\n<p>Sabine Kirchner<\/p>\n<p>Laura Montag<\/p>\n<p><\/p>\n\n                                          <\/div>\n                  <\/div>\n                <\/div>\n              <\/div>\n                          <div class=\"accordion-item  box box--accordion over launimation slideBottom\">\n                <button class=\"accordion-item__title\"\n                        aria-expanded=\"false\"\n                        aria-controls=\"accordion_69f7163fd8703_10\"\n                        aria-label=\"Zeige den Inhalt an\">\n                    <span class=\"accordion-item__title-wrapper\">\n                      <span class=\"accordion-item__title-main h5\">Students<\/span>\n                                          <\/span>\n                  <span class=\"icon-wrapper\"><\/span>\n                <\/button>\n\n                <div class=\"accordion-item__content-container\" id=\"accordion_69f7163fd8703_10\">\n                  <div class=\"accordion-item__content\">\n                    \n                    <div class=\"accordion-item__content-text wysiwyg\">\n                      <p>Theresia Giersdorf<br \/>\nNancy Trautwein<br \/>\nAntonia Peil<br \/>\nAntonia Schwalbe<\/p>\n\n                                          <\/div>\n                  <\/div>\n                <\/div>\n              <\/div>\n                      <\/div>\n        <\/div>\n              <div id=\"panel-associated-scientists\"\n             class=\"accordion__category \" role=\"tabpanel\"\n             aria-labelledby=\"tab-associated-scientists\">\n                    <script type=\"application\/ld+json\">\n            {\n              \"@context\": \"https:\/\/schema.org\",\n              \"@type\": \"FAQPage\",\n              \"mainEntity\": [{\"@type\": \"Question\",\"name\": \"Dr. Tatjana Welzel\",\"acceptedAnswer\": {\"@type\": \"Answer\",\"text\": \"Universit\u00e4ts-Kinderspital beider Basel (UKBB)\nFach\u00e4rztin f\u00fcr Kinder- und Jugendmedizin\nTatjana.Welzel@ukbb.ch\"}},{\"@type\": \"Question\",\"name\": \"Malthe Jessen Pedersen, PhD\",\"acceptedAnswer\": {\"@type\": \"Answer\",\"text\": \"Aarhus Universitet\nInstitut for Folkesundhed, Forskningsenheden for Epidemiologi\nmalthe.jessen@ph.au.dk\"}},{\"@type\": \"Question\",\"name\": \"Max Weinbrecht-Mischkewitz\",\"acceptedAnswer\": {\"@type\": \"Answer\",\"text\": \"max.mischkewitz@charite.de\"}}]\n            }\n          <\/script>\n\n          <div class=\"accordion__content\">\n                          <div class=\"accordion-item  box box--accordion over launimation slideBottom\">\n                <button class=\"accordion-item__title\"\n                        aria-expanded=\"false\"\n                        aria-controls=\"accordion_69f7163fda7d0_0\"\n                        aria-label=\"Zeige den Inhalt an\">\n                    <span class=\"accordion-item__title-wrapper\">\n                      <span class=\"accordion-item__title-main h5\">Dr. Tatjana Welzel<\/span>\n                                          <\/span>\n                  <span class=\"icon-wrapper\"><\/span>\n                <\/button>\n\n                <div class=\"accordion-item__content-container\" id=\"accordion_69f7163fda7d0_0\">\n                  <div class=\"accordion-item__content\">\n                    \n                    <div class=\"accordion-item__content-text wysiwyg\">\n                      <p>Universit\u00e4ts-Kinderspital beider Basel (UKBB)<br \/>\nFach\u00e4rztin f\u00fcr Kinder- und Jugendmedizin<\/p>\n<p>Tatjana.Welzel@ukbb.ch<\/p>\n\n                                          <\/div>\n                  <\/div>\n                <\/div>\n              <\/div>\n                          <div class=\"accordion-item  box box--accordion over launimation slideBottom\">\n                <button class=\"accordion-item__title\"\n                        aria-expanded=\"false\"\n                        aria-controls=\"accordion_69f7163fda7d0_1\"\n                        aria-label=\"Zeige den Inhalt an\">\n                    <span class=\"accordion-item__title-wrapper\">\n                      <span class=\"accordion-item__title-main h5\">Malthe Jessen Pedersen, PhD<\/span>\n                                          <\/span>\n                  <span class=\"icon-wrapper\"><\/span>\n                <\/button>\n\n                <div class=\"accordion-item__content-container\" id=\"accordion_69f7163fda7d0_1\">\n                  <div class=\"accordion-item__content\">\n                    \n                    <div class=\"accordion-item__content-text wysiwyg\">\n                      <p>Aarhus Universitet<br \/>\nInstitut for Folkesundhed, Forskningsenheden for Epidemiologi<\/p>\n<p>malthe.jessen@ph.au.dk<\/p>\n\n                                          <\/div>\n                  <\/div>\n                <\/div>\n              <\/div>\n                          <div class=\"accordion-item  box box--accordion over launimation slideBottom\">\n                <button class=\"accordion-item__title\"\n                        aria-expanded=\"false\"\n                        aria-controls=\"accordion_69f7163fda7d0_2\"\n                        aria-label=\"Zeige den Inhalt an\">\n                    <span class=\"accordion-item__title-wrapper\">\n                      <span class=\"accordion-item__title-main h5\">Max Weinbrecht-Mischkewitz<\/span>\n                                          <\/span>\n                  <span class=\"icon-wrapper\"><\/span>\n                <\/button>\n\n                <div class=\"accordion-item__content-container\" id=\"accordion_69f7163fda7d0_2\">\n                  <div class=\"accordion-item__content\">\n                    \n                    <div class=\"accordion-item__content-text wysiwyg\">\n                      <p>max.mischkewitz@charite.de<\/p>\n\n                                          <\/div>\n                  <\/div>\n                <\/div>\n              <\/div>\n                      <\/div>\n        <\/div>\n          <\/div>\n  <\/section>\n\n\n\n\n  <section id=\"main-cooperation-partners\"\n           class=\"section accordion  alignwide  toc-item\"\n           data-open=\"multiple\">\n    <div class=\"container container--center container--medium\">\n              <h2 class=\"h3 section__heading launimation slideBottom\">Cooperation partners<\/h2>\n      \n      \n      \n              <div id=\"panel-\"\n             class=\"accordion__category active\" role=\"tabpanel\"\n             aria-labelledby=\"tab-\">\n                    <script type=\"application\/ld+json\">\n            {\n              \"@context\": \"https:\/\/schema.org\",\n              \"@type\": \"FAQPage\",\n              \"mainEntity\": [{\"@type\": \"Question\",\"name\": \"Within DRFZ\/Charit\u00e9\",\"acceptedAnswer\": {\"@type\": \"Answer\",\"text\": \"AG Strangfeld, AG Callhoff, AG Regierer, AG Mashregi, AG Kallinich;\nProf. Dr. Tilmann Kallinich (Klinik f\u00fcr P\u00e4diatrie m.S. Pneumologie, Immunologie und Intensivmedizin),\nDr. Anne Pankow, PD Dr. Sarah Ohrndorf (Medizinische Klinik mit Schwerpunkt Rheumatologie und Klinische Immunologie), Dr. Stefanie Friedrich (Klinik f\u00fcr Radiologie), PD Dr. Doris Staab (Klinik f\u00fcr P\u00e4diatrie m.S. Pneumologie, Immunologie und Intensivmedizin), PD Dr. Susanna Wiegand (Sozialp\u00e4diatrisches Zentrum), Dr. Nadine Unterwalder (Labor Berlin)\"}},{\"@type\": \"Question\",\"name\": \"Within Leibniz\",\"acceptedAnswer\": {\"@type\": \"Answer\",\"text\": \"Dr. Brand, Leibniz-Institut f\u00fcr Pr\u00e4ventionsforschung und Epidemiologie &#8211; BIPS\"}},{\"@type\": \"Question\",\"name\": \"National academia\",\"acceptedAnswer\": {\"@type\": \"Answer\",\"text\": \"Prof. Harald Baumeister (Universit\u00e4t Ulm, Institut f\u00fcr Psychologie und P\u00e4dagogik),\nProf. Dr. Reinhard Holl, PD Dr. Stefanie Lanzinger (Universit\u00e4t Ulm, Institut f\u00fcr Epidemiologie und Medizinische Biometrie),\nProf. Dr. Thomas Meissner (Universit\u00e4tsklinikum D\u00fcsseldorf, Klinik f\u00fcr Allgemeine P\u00e4diatrie, Neonatologie und Kinderkardiologie), \nProf. Dr. Petra Warschburger (Universit\u00e4t Potsdam, Bereich Beratungspsychologie),\nProf. Dr. Petra Knaup (Universit\u00e4tsklinikum Heidelberg, Institut f\u00fcr medizinische Informatik),\nDr. Ursula Marschall (BARMER, Institut f\u00fcr Gesundheitssystemforschung, Wuppertal),\nProf. Dr. Ansgar Schwirtz (Technische Universit\u00e4t M\u00fcnchen, Fakult\u00e4t f\u00fcr Sport- und Gesundheitswissenschaften),\nProf. Dr. Silke Schmidt-Schuchert (Universit\u00e4t Greifswald,\nProf. Dr. Katja Raberger (Universit\u00e4tsmedizin Halle, P\u00e4diatrie 1),\nDr. Alexander Burchartz (Karlsruher Institut f\u00fcr Technologie, Institut f\u00fcr Sport und Sportwissenschaften),\nProf. Dr. Arnd Heiligenhaus (Augenzentrum am St. Franziskushospital, M\u00fcnster),\nDr. Susanne Schalm (Rheumatologie im Zentrum, M\u00fcnchen),\nPD Dr. Paula Hoff (Endokrinologicum Berlin),\nDr. Eva Seipelt (Immanuel Krankenhaus, Rheumatologie und Immunologie, Berlin),\nDr. Anna Maier (St. Josef-Stift, Klinik f\u00fcr Rheumatologie und Klinische Immunologie, Sendenhorst),\nProf. Klaus Tenbrock (Universit\u00e4tsspital Bern, Kinderklinik\/Uniklinik RWTH Aachen, Klinik f\u00fcr Kinder- und Jugendmedizin),\nProf. Dr. Gerd Horneff (Asklepios Kinderklinik Sankt Augustin),\nProf. Dr. Dirk F\u00f6ll (Universit\u00e4tsklinikum M\u00fcnster, Klinik f\u00fcr P\u00e4diatrische Rheumatologie und Immunologie),\nProf. Dr. J.-Peter Haas (Deutsches Zentrum f\u00fcr Kinder- und Jugendrheumatologie, Garmisch-Partenkirchen),\nProf. Dr. Catharina Sch\u00fctz, Dr. Anja Schnabel (Universit\u00e4tsklinikum Carl Gustav Carus Dresden, Klinik f\u00fcr Kinder- und Jugendmedizin),\nProf. Dr. Hermann Girschick (Vivantes Klinikum Berlin-Friedrichshain, Klinik f\u00fcr Kinder- und Jugendmedizin),\nPD Dr. Daniel Windschall (St. Josef-Stift, Klinik f\u00fcr Kinder- und Jugendrheumatologie, Sendenhorst),\nDr. Ralf Trauzeddel (Helios Klinikum Berlin-Buch, Klinik f\u00fcr Kinder- und Jugendmedizin),\nDr. Lisa Voigt (Universit\u00e4t Greifswald, Zentrum f\u00fcr Innere Medizin),\nProf. Dr. Almut Meyer-Bahlburg (Universit\u00e4t Greifswald, Zentrum f\u00fcr Kinder- und Jugendmedizin),\nDr. Ivan Foeldvari (Hamburger Zentrum f\u00fcr Kinder- und Jugendrheumatologie),\nProf. Dr. Jasmin K\u00fcmmerle-Deschner, Gabi Erbis (Universit\u00e4tsklinikum T\u00fcbingen, Zentrum f\u00fcr Kinder- und Jugendrheumatologie und des arcT),\nDr. Sandra Hansmann (Universit\u00e4tsklinikum T\u00fcbingen, Klinik f\u00fcr Kinder- und Jugendmedizin, Kinderheilkunde II),\n&gt;weitere 60 Kinder- und Jugendrheumatologen\n&gt;weitere 200 internistische Rheumatologen\n&gt;200 Augen\u00e4rzte\"}},{\"@type\": \"Question\",\"name\": \"National industry\",\"acceptedAnswer\": {\"@type\": \"Answer\",\"text\": \"Pfizer Deutschland GmbH, Novartis AG, Biogen GmbH, Bristol-Myers Squibb GmbH &amp; Co. KGaA, AbbVie Deutschland GmbH &amp; Co. KG, Roche Deutschland Holding GmbH, Glaxo Smith Kline GmbH &amp; Co. KG\"}},{\"@type\": \"Question\",\"name\": \"International academia\",\"acceptedAnswer\": {\"@type\": \"Answer\",\"text\": \"Dr. Tatjana Welzel (Universit\u00e4ts-Kinderspital beider Basel, Schweiz),\nProf. Dr. Christoph Tappeiner (Pallas Klinik, Olten, Schweiz),\nDr. Rotraud Saurenmann (Cantonal hospital Winterthur, Dep. of Pediatrics, Schweiz),\nDr. Christiane Reiser (LKH Bregenz, Klinik f\u00fcr Kinder- und Jugendmedizin, \u00d6sterreich,\nUniv.Prof. Mag. Dr. Dipl. oec. med. J\u00fcrgen Brunner (Medizinische Uiversit\u00e4t Innsbruck, Department Kinder- und Jugendheilkunde)\nDr. Daire O\u2019Leary (Our Lady&#8217;s Children&#8217;s Hospital, Crumlin, Irland),\nDr. Deborah Marshall (University of Calgary,\u00a0 Department of Community Health Sciences, Kanada),\nDr. Jordi Ant\u00f3n L\u00f3pez (Hospital Sant Joan de D\u00e9u Barcelona, Dept of Pediatric Rheumatology, Spanien),\nDr. Yosef Uziel (Meir Medical Center, Dept of Pediatrics, Tel Aviv University, Israel),\nDr. Carine Wouters (University of Leuven, Dept of Microbiology and Immunology\/Pediatric Rheumatology Leuven University Hospital, Belgien),\nProf. Dr. Heinrike Schmeling (University of Calgary, Department of Paediatrics, Kanada),\nDr. Lianne Kearsley-Fleet (University of Manchester, Division of Musculoskeletal &amp; Dermatological Sciences, Gro\u00dfbritannien),\nDr. Stefanie Shoop-Warrall (University of Manchester, Division of Musculoskeletal &amp; Dermatological Sciences, Gro\u00dfbritannien),\nDr. Joeri van Straalen (Utrecht University, Wilhelmina Children\u2019s Hospital, Niederlande),\nDr. Malthe Jessen Pedersen (Aarhus University, Department of Public Health, D\u00e4nemark)\nJeannette Cappon (Department of Rehabilitation, Amsterdam Center for Rheumatology and Immunology Reade, Niederlande),\nNilay Arman (Department of Physical Therapy and Rehabilitation, \u0130stanbul University-Cerrahpa\u015fa, T\u00fcrkei),\nKristine Risum (Epidemiology and Outcomes in Rheumatic Diseases, Oslo University Hospital, Norwegen),\nDeniz Bayraktar (Department of Health Sciences, Izmir Katip Celebi University, T\u00fcrkei)\"}},{\"@type\": \"Question\",\"name\": \"International industry\",\"acceptedAnswer\": {\"@type\": \"Answer\",\"text\": \"Pfizer Inc., Roche Holding AG\"}}]\n            }\n          <\/script>\n\n          <div class=\"accordion__content\">\n                          <div class=\"accordion-item  box box--accordion over launimation slideBottom\">\n                <button class=\"accordion-item__title\"\n                        aria-expanded=\"false\"\n                        aria-controls=\"accordion_69f7163fdbffc_0\"\n                        aria-label=\"Zeige den Inhalt an\">\n                    <span class=\"accordion-item__title-wrapper\">\n                      <span class=\"accordion-item__title-main h5\">Within DRFZ\/Charit\u00e9<\/span>\n                                          <\/span>\n                  <span class=\"icon-wrapper\"><\/span>\n                <\/button>\n\n                <div class=\"accordion-item__content-container\" id=\"accordion_69f7163fdbffc_0\">\n                  <div class=\"accordion-item__content\">\n                    \n                    <div class=\"accordion-item__content-text wysiwyg\">\n                      <p>AG Strangfeld, AG Callhoff, AG Regierer, AG Mashregi, AG Kallinich;<\/p>\n<p>Prof. Dr. Tilmann Kallinich (Klinik f\u00fcr P\u00e4diatrie m.S. Pneumologie, Immunologie und Intensivmedizin),<\/p>\n<p>Dr. Anne Pankow, PD Dr. Sarah Ohrndorf (Medizinische Klinik mit Schwerpunkt Rheumatologie und Klinische Immunologie), Dr. Stefanie Friedrich (Klinik f\u00fcr Radiologie), PD Dr. Doris Staab (Klinik f\u00fcr P\u00e4diatrie m.S. Pneumologie, Immunologie und Intensivmedizin), PD Dr. Susanna Wiegand (Sozialp\u00e4diatrisches Zentrum), Dr. Nadine Unterwalder (Labor Berlin)<\/p>\n\n                                          <\/div>\n                  <\/div>\n                <\/div>\n              <\/div>\n                          <div class=\"accordion-item  box box--accordion over launimation slideBottom\">\n                <button class=\"accordion-item__title\"\n                        aria-expanded=\"false\"\n                        aria-controls=\"accordion_69f7163fdbffc_1\"\n                        aria-label=\"Zeige den Inhalt an\">\n                    <span class=\"accordion-item__title-wrapper\">\n                      <span class=\"accordion-item__title-main h5\">Within Leibniz<\/span>\n                                          <\/span>\n                  <span class=\"icon-wrapper\"><\/span>\n                <\/button>\n\n                <div class=\"accordion-item__content-container\" id=\"accordion_69f7163fdbffc_1\">\n                  <div class=\"accordion-item__content\">\n                    \n                    <div class=\"accordion-item__content-text wysiwyg\">\n                      <p>Dr. Brand, Leibniz-Institut f\u00fcr Pr\u00e4ventionsforschung und Epidemiologie &#8211; BIPS<\/p>\n\n                                          <\/div>\n                  <\/div>\n                <\/div>\n              <\/div>\n                          <div class=\"accordion-item  box box--accordion over launimation slideBottom\">\n                <button class=\"accordion-item__title\"\n                        aria-expanded=\"false\"\n                        aria-controls=\"accordion_69f7163fdbffc_2\"\n                        aria-label=\"Zeige den Inhalt an\">\n                    <span class=\"accordion-item__title-wrapper\">\n                      <span class=\"accordion-item__title-main h5\">National academia<\/span>\n                                          <\/span>\n                  <span class=\"icon-wrapper\"><\/span>\n                <\/button>\n\n                <div class=\"accordion-item__content-container\" id=\"accordion_69f7163fdbffc_2\">\n                  <div class=\"accordion-item__content\">\n                    \n                    <div class=\"accordion-item__content-text wysiwyg\">\n                      <ul>\n<li>Prof. Harald Baumeister (Universit\u00e4t Ulm, Institut f\u00fcr Psychologie und P\u00e4dagogik),<\/li>\n<li>Prof. Dr. Reinhard Holl, PD Dr. Stefanie Lanzinger (Universit\u00e4t Ulm, Institut f\u00fcr Epidemiologie und Medizinische Biometrie),<\/li>\n<li>Prof. Dr. Thomas Meissner (Universit\u00e4tsklinikum D\u00fcsseldorf, Klinik f\u00fcr Allgemeine P\u00e4diatrie, Neonatologie und Kinderkardiologie), <\/li>\n<li>Prof. Dr. Petra Warschburger (Universit\u00e4t Potsdam, Bereich Beratungspsychologie),<\/li>\n<li>Prof. Dr. Petra Knaup (Universit\u00e4tsklinikum Heidelberg, Institut f\u00fcr medizinische Informatik),<\/li>\n<li>Dr. Ursula Marschall (BARMER, Institut f\u00fcr Gesundheitssystemforschung, Wuppertal),<\/li>\n<li>Prof. Dr. Ansgar Schwirtz (Technische Universit\u00e4t M\u00fcnchen, Fakult\u00e4t f\u00fcr Sport- und Gesundheitswissenschaften),<\/li>\n<li>Prof. Dr. Silke Schmidt-Schuchert (Universit\u00e4t Greifswald,<\/li>\n<li>Prof. Dr. Katja Raberger (Universit\u00e4tsmedizin Halle, P\u00e4diatrie 1),<\/li>\n<li>Dr. Alexander Burchartz (Karlsruher Institut f\u00fcr Technologie, Institut f\u00fcr Sport und Sportwissenschaften),<\/li>\n<li>Prof. Dr. Arnd Heiligenhaus (Augenzentrum am St. Franziskushospital, M\u00fcnster),<\/li>\n<li>Dr. Susanne Schalm (Rheumatologie im Zentrum, M\u00fcnchen),<\/li>\n<li>PD Dr. Paula Hoff (Endokrinologicum Berlin),<\/li>\n<li>Dr. Eva Seipelt (Immanuel Krankenhaus, Rheumatologie und Immunologie, Berlin),<\/li>\n<li>Dr. Anna Maier (St. Josef-Stift, Klinik f\u00fcr Rheumatologie und Klinische Immunologie, Sendenhorst),<\/li>\n<li>Prof. Klaus Tenbrock (Universit\u00e4tsspital Bern, Kinderklinik\/Uniklinik RWTH Aachen, Klinik f\u00fcr Kinder- und Jugendmedizin),<\/li>\n<li>Prof. Dr. Gerd Horneff (Asklepios Kinderklinik Sankt Augustin),<\/li>\n<li>Prof. Dr. Dirk F\u00f6ll (Universit\u00e4tsklinikum M\u00fcnster, Klinik f\u00fcr P\u00e4diatrische Rheumatologie und Immunologie),<\/li>\n<li>Prof. Dr. J.-Peter Haas (Deutsches Zentrum f\u00fcr Kinder- und Jugendrheumatologie, Garmisch-Partenkirchen),<\/li>\n<li>Prof. Dr. Catharina Sch\u00fctz, Dr. Anja Schnabel (Universit\u00e4tsklinikum Carl Gustav Carus Dresden, Klinik f\u00fcr Kinder- und Jugendmedizin),<\/li>\n<li>Prof. Dr. Hermann Girschick (Vivantes Klinikum Berlin-Friedrichshain, Klinik f\u00fcr Kinder- und Jugendmedizin),<\/li>\n<li>PD Dr. Daniel Windschall (St. Josef-Stift, Klinik f\u00fcr Kinder- und Jugendrheumatologie, Sendenhorst),<\/li>\n<li>Dr. Ralf Trauzeddel (Helios Klinikum Berlin-Buch, Klinik f\u00fcr Kinder- und Jugendmedizin),<\/li>\n<li>Dr. Lisa Voigt (Universit\u00e4t Greifswald, Zentrum f\u00fcr Innere Medizin),<\/li>\n<li>Prof. Dr. Almut Meyer-Bahlburg (Universit\u00e4t Greifswald, Zentrum f\u00fcr Kinder- und Jugendmedizin),<\/li>\n<li>Dr. Ivan Foeldvari (Hamburger Zentrum f\u00fcr Kinder- und Jugendrheumatologie),<\/li>\n<li>Prof. Dr. Jasmin K\u00fcmmerle-Deschner, Gabi Erbis (Universit\u00e4tsklinikum T\u00fcbingen, Zentrum f\u00fcr Kinder- und Jugendrheumatologie und des arcT),<\/li>\n<li>Dr. Sandra Hansmann (Universit\u00e4tsklinikum T\u00fcbingen, Klinik f\u00fcr Kinder- und Jugendmedizin, Kinderheilkunde II),<\/li>\n<li>&gt;weitere 60 Kinder- und Jugendrheumatologen<\/li>\n<li>&gt;weitere 200 internistische Rheumatologen<\/li>\n<li>&gt;200 Augen\u00e4rzte<\/li>\n<\/ul>\n\n                                          <\/div>\n                  <\/div>\n                <\/div>\n              <\/div>\n                          <div class=\"accordion-item  box box--accordion over launimation slideBottom\">\n                <button class=\"accordion-item__title\"\n                        aria-expanded=\"false\"\n                        aria-controls=\"accordion_69f7163fdbffc_3\"\n                        aria-label=\"Zeige den Inhalt an\">\n                    <span class=\"accordion-item__title-wrapper\">\n                      <span class=\"accordion-item__title-main h5\">National industry<\/span>\n                                          <\/span>\n                  <span class=\"icon-wrapper\"><\/span>\n                <\/button>\n\n                <div class=\"accordion-item__content-container\" id=\"accordion_69f7163fdbffc_3\">\n                  <div class=\"accordion-item__content\">\n                    \n                    <div class=\"accordion-item__content-text wysiwyg\">\n                      <p>Pfizer Deutschland GmbH, Novartis AG, Biogen GmbH, Bristol-Myers Squibb GmbH &amp; Co. KGaA, AbbVie Deutschland GmbH &amp; Co. KG, Roche Deutschland Holding GmbH, Glaxo Smith Kline GmbH &amp; Co. KG<\/p>\n\n                                          <\/div>\n                  <\/div>\n                <\/div>\n              <\/div>\n                          <div class=\"accordion-item  box box--accordion over launimation slideBottom\">\n                <button class=\"accordion-item__title\"\n                        aria-expanded=\"false\"\n                        aria-controls=\"accordion_69f7163fdbffc_4\"\n                        aria-label=\"Zeige den Inhalt an\">\n                    <span class=\"accordion-item__title-wrapper\">\n                      <span class=\"accordion-item__title-main h5\">International academia<\/span>\n                                          <\/span>\n                  <span class=\"icon-wrapper\"><\/span>\n                <\/button>\n\n                <div class=\"accordion-item__content-container\" id=\"accordion_69f7163fdbffc_4\">\n                  <div class=\"accordion-item__content\">\n                    \n                    <div class=\"accordion-item__content-text wysiwyg\">\n                      <ul>\n<li>Dr. Tatjana Welzel (Universit\u00e4ts-Kinderspital beider Basel, Schweiz),<\/li>\n<li>Prof. Dr. Christoph Tappeiner (Pallas Klinik, Olten, Schweiz),<\/li>\n<li>Dr. Rotraud Saurenmann (Cantonal hospital Winterthur, Dep. of Pediatrics, Schweiz),<\/li>\n<li>Dr. Christiane Reiser (LKH Bregenz, Klinik f\u00fcr Kinder- und Jugendmedizin, \u00d6sterreich,<\/li>\n<li>Univ.Prof. Mag. Dr. Dipl. oec. med. J\u00fcrgen Brunner (Medizinische Uiversit\u00e4t Innsbruck, Department Kinder- und Jugendheilkunde)<\/li>\n<li>Dr. Daire O\u2019Leary (Our Lady&#8217;s Children&#8217;s Hospital, Crumlin, Irland),<\/li>\n<li>Dr. Deborah Marshall (University of Calgary,\u00a0 Department of Community Health Sciences, Kanada),<\/li>\n<li>Dr. Jordi Ant\u00f3n L\u00f3pez (Hospital Sant Joan de D\u00e9u Barcelona, Dept of Pediatric Rheumatology, Spanien),<\/li>\n<li>Dr. Yosef Uziel (Meir Medical Center, Dept of Pediatrics, Tel Aviv University, Israel),<\/li>\n<li>Dr. Carine Wouters (University of Leuven, Dept of Microbiology and Immunology\/Pediatric Rheumatology Leuven University Hospital, Belgien),<\/li>\n<li>Prof. Dr. Heinrike Schmeling (University of Calgary, Department of Paediatrics, Kanada),<\/li>\n<li>Dr. Lianne Kearsley-Fleet (University of Manchester, Division of Musculoskeletal &amp; Dermatological Sciences, Gro\u00dfbritannien),<\/li>\n<li>Dr. Stefanie Shoop-Warrall (University of Manchester, Division of Musculoskeletal &amp; Dermatological Sciences, Gro\u00dfbritannien),<\/li>\n<li>Dr. Joeri van Straalen (Utrecht University, Wilhelmina Children\u2019s Hospital, Niederlande),<\/li>\n<li>Dr. Malthe Jessen Pedersen (Aarhus University, Department of Public Health, D\u00e4nemark)<\/li>\n<li>Jeannette Cappon (Department of Rehabilitation, Amsterdam Center for Rheumatology and Immunology Reade, Niederlande),\n<li>Nilay Arman (Department of Physical Therapy and Rehabilitation, \u0130stanbul University-Cerrahpa\u015fa, T\u00fcrkei),<\/li>\n<li>Kristine Risum (Epidemiology and Outcomes in Rheumatic Diseases, Oslo University Hospital, Norwegen),<\/li>\n<li>Deniz Bayraktar (Department of Health Sciences, Izmir Katip Celebi University, T\u00fcrkei)<\/li>\n<\/ul>\n\n                                          <\/div>\n                  <\/div>\n                <\/div>\n              <\/div>\n                          <div class=\"accordion-item  box box--accordion over launimation slideBottom\">\n                <button class=\"accordion-item__title\"\n                        aria-expanded=\"false\"\n                        aria-controls=\"accordion_69f7163fdbffc_5\"\n                        aria-label=\"Zeige den Inhalt an\">\n                    <span class=\"accordion-item__title-wrapper\">\n                      <span class=\"accordion-item__title-main h5\">International industry<\/span>\n                                          <\/span>\n                  <span class=\"icon-wrapper\"><\/span>\n                <\/button>\n\n                <div class=\"accordion-item__content-container\" id=\"accordion_69f7163fdbffc_5\">\n                  <div class=\"accordion-item__content\">\n                    \n                    <div class=\"accordion-item__content-text wysiwyg\">\n                      <p>Pfizer Inc., Roche Holding AG<\/p>\n\n                                          <\/div>\n                  <\/div>\n                <\/div>\n              <\/div>\n                      <\/div>\n        <\/div>\n          <\/div>\n  <\/section>\n\n\n\n\n<p class=\"alignwide has-text-align-wide wp-block-paragraph\">The working group also supports the joint project funded by the GBA Innovation Fund and the International Inception Cohort for Patients with Juvenile Systemic Sceroderma and the MIWGUC project (Multinational Interdisciplinary Working Group for Uveitis in Childhood) by providing methodological and statistical advice.<br>The group also supported the project BEWARE (Importance of Exercise Diagnostics to Promote Early Physical and Sporting Activity in Pediatric Rheumatism) funded by the GBA Innovation Fund<\/p>\n\n\n\n  <section id=\"selected-publications\"\n           class=\"section related-publications alignwide related-publications--slider  toc-item\">\n    <div class=\"container container--center\">\n\n              <div class=\"section__heading-container launimation slideBottom\">\n                      <h2 class=\"section__heading\">Selected Publications<\/h2>\n                            <\/div>\n      \n      \n      <div class=\"related-publications__slider swiper swiper-pull-right\">\n                  <div class=\"slider__skip-links-container\">\n            <a id=\"before-slider-block_c81d52cfee37f45fbb913c3398fa8de0\"\n               href=\"#after-slider-block_c81d52cfee37f45fbb913c3398fa8de0\"\n               class=\"slider-skip-link\">Gehe zum Ende des Sliders<\/a>\n          <\/div>\n        \n        <div class=\"swiper-wrapper grid\">\n                      <div class=\"swiper-slide\">\n              \n<article id=\"post-7195\"\n  class=\"teaser-publication box launimation slideBottom layout-box post-7195 publication type-publication status-publish hentry year-tax-397\">\n  <div class=\"teaser-publication__wrap\">\n          <div class=\"teaser-publication__authors ellipsis ellipsis--1\">K\u00f6stner K, Geirhos A, Ranz R, Galler A, Sch\u00f6ttler H, Klose D, Feldhan L, Flury M, Schaaf K, Holterhus PM, Meissner T, Warschburger P, Minden K, Temming S, M\u00fcller-Stierlin AS, Baumeister H, Holl RW.<\/div>\n    \n    <div class=\"teaser-publication__title h6 ellipsis\">\n      <a href=\"\" target=\"_blank\" lang=\"en\">Angst und Depression bei Typ-1-Diabetes &#8211; Erste Ergebnisse des Screenings auf psychische Komorbidit\u00e4ten bei Jugendlichen und jungen Erwachsenen im Rahmen des COACH-Konsortiums Anxiety and depression in type 1 diabetes &#8211; first screening results of mental comorbidities in adolescents and young adults of the COACH consortium<\/a>\n    <\/div>\n\n          <div class=\"teaser-publication__source\">Diabetologie und Stoffwechsel. 2022; 17(03): 197-207. doi: 10.1055\/a-1589-7922<\/div>\n      <\/div>\n  <\/article>\n            <\/div>\n                      <div class=\"swiper-slide\">\n              \n<article id=\"post-6236\"\n  class=\"teaser-publication box launimation slideBottom layout-box post-6236 publication type-publication status-publish hentry year-tax-80\">\n  <div class=\"teaser-publication__wrap\">\n          <div class=\"teaser-publication__authors ellipsis ellipsis--1\">Milatz F, Wolfahrt B.<\/div>\n    \n    <div class=\"teaser-publication__title h6 ellipsis\">\n      <a href=\"http:\/\/www.thieme-connect.com\/products\/ejournals\/abstract\/10.1055\/s-0038-1677368\" target=\"_blank\" lang=\"en\">Sport und chronische Entz\u00fcndung. Bedeutung k\u00f6rperlich-sportlicher Aktivit\u00e4t im Kindes- und Jugendalter.<\/a>\n    <\/div>\n\n      <\/div>\n      <!--a href=\"http:\/\/www.thieme-connect.com\/products\/ejournals\/abstract\/10.1055\/s-0038-1677368\" target=\"_blank\" class=\"teaser-publication__link\"\n      aria-describedby=\"post-6236\" tabindex=\"-1\" rel=\"bookmark\">\n      <span class=\"button button--arrow button--arrow-nw button--arrow-link\"><span\n          class=\"visually-hidden\">Sport und chronische Entz\u00fcndung. Bedeutung k\u00f6rperlich-sportlicher Aktivit\u00e4t im Kindes- und Jugendalter.<\/span><\/span>\n    <\/a-->\n  <\/article>\n            <\/div>\n                      <div class=\"swiper-slide\">\n              \n<article id=\"post-6119\"\n  class=\"teaser-publication box launimation slideBottom layout-box post-6119 publication type-publication status-publish hentry year-tax-393\">\n  <div class=\"teaser-publication__wrap\">\n          <div class=\"teaser-publication__authors ellipsis ellipsis--1\">Minden K, Niewerth M.<\/div>\n    \n    <div class=\"teaser-publication__title h6 ellipsis\">\n      <a href=\"http:\/\/www.thieme-connect.de\/products\/ejournals\/html\/10.1055\/s-0035-1545322\" target=\"_blank\" lang=\"en\">Transition &#8211; ein erfolgreiches Konzept in der Behandlung der JIA [Transition &#8211; A Successful Concept of JIA Treatment].<\/a>\n    <\/div>\n\n      <\/div>\n      <!--a href=\"http:\/\/www.thieme-connect.de\/products\/ejournals\/html\/10.1055\/s-0035-1545322\" target=\"_blank\" class=\"teaser-publication__link\"\n      aria-describedby=\"post-6119\" tabindex=\"-1\" rel=\"bookmark\">\n      <span class=\"button button--arrow button--arrow-nw button--arrow-link\"><span\n          class=\"visually-hidden\">Transition - ein erfolgreiches Konzept in der Behandlung der JIA [Transition - A Successful Concept of JIA Treatment].<\/span><\/span>\n    <\/a-->\n  <\/article>\n            <\/div>\n          \n        <\/div><!-- swiper-wrapper -->\n\n                  <div class=\"slider__pagination slider__pagination--contained\">\n            <button class=\"slider__button-prev\"><\/button>\n            <button class=\"slider__button-next\"><\/button>\n          <\/div>\n        \n                  <div class=\"slider__skip-links-container\">\n            <a id=\"after-slider-block_c81d52cfee37f45fbb913c3398fa8de0\"\n               href=\"#before-slider-block_c81d52cfee37f45fbb913c3398fa8de0\"\n               class=\"skip-link\">Gehe zum Anfang des Sliders<\/a>\n          <\/div>\n              <\/div>\n\n\n                <\/div><!-- container -->\n  <\/section>\n\n\n\n\n  <section id=\"news\"\n           class=\"section related-news alignwide related-news--slider  toc-item\">\n    <div class=\"container container--center\">\n\n      <div class=\"related-news__wrap\">\n                  <div class=\"section__heading-container launimation slideBottom\">\n                          <h2 class=\"section__heading\">News<\/h2>\n                                  <\/div>\n        \n        \n        <div class=\"related-news__slider swiper swiper-pull-right\">\n                      <div class=\"slider__skip-links-container\">\n              <a id=\"before-slider-block_bf1790bed63b9800cc0f0adeeeb2cd4d\"\n                 href=\"#after-slider-block_bf1790bed63b9800cc0f0adeeeb2cd4d\"\n                 class=\"slider-skip-link\">Go to end of slider<\/a>\n            <\/div>\n          \n          <div class=\"swiper-wrapper grid graded-boxes\">\n                          <div class=\"swiper-slide\">\n                \n<article\n  id=\"post-19784\" class=\"teaser-post box box--min-height launimation slideBottom graded-box post-19784 post type-post status-publish format-standard has-post-thumbnail hentry category-for-patients category-news-en tag-anne-regierer tag-callhoff tag-chronic-inflammatory-diseases-of-childhood-adolescence tag-health-services-research tag-minden-en tag-pediatric-rheumatology-health-services-research tag-pharmacoepidemiology tag-program-area-1 tag-program-area-2 tag-program-area-3 tag-program-area-4 tag-register-research-in-rheumatology tag-strangfeld-en\">\n  <div class=\"teaser-post__wrap\">\n    <div class=\"teaser-post__cats\">\n      \n<ul class=\"tag-pills tag-pills--small\" role=\"none\">\n      <li role=\"none\">\n      <span class=\"tag-pill\">\n        <span class=\"visually-hidden\">Kategorie: <\/span>\n        For patients      <\/span>\n    <\/li>\n  <\/ul>    <\/div>\n\n    <div class=\"teaser-post__body\">\n      <time class=\"date\" datetime=\"2025-09-26 08:08:46\">26.09.2025<\/time>\n      <div class=\"teaser-post__title h5\">\n        <a href=\"https:\/\/www.drfz.de\/en\/neuigkeiten\/awards-at-the-dgrh-congress-2025\/\" aria-describedby=\"post-19784\"\n          title=\"Gehe zum Beitrag\" rel=\"bookmark\">\n          Awards at the DGRh Congress 2025        <\/a>\n      <\/div>\n\n              <div class=\"teaser-post__excerpt ellipsis\">\n          Julia Rautenstrauch, Jacob Ritter, and Lisa Lindner honored during the 2025 Rheumatology Congress The 53rd Congress of the German Society for Rheumatology and Clinical Immunology\u2026        <\/div>\n          <\/div>\n  <\/div>\n<\/article>              <\/div>\n                          <div class=\"swiper-slide\">\n                \n<article\n  id=\"post-9515\" class=\"teaser-post box box--min-height launimation slideBottom graded-box post-9515 post type-post status-publish format-standard has-post-thumbnail hentry category-for-patients tag-minden-en tag-pediatric-rheumatology-health-services-research tag-program-area-2 programme-area-tax-programme-area-2 working-group-tax-paediatric-rheumatology-and-health-services-research\">\n  <div class=\"teaser-post__wrap\">\n    <div class=\"teaser-post__cats\">\n      \n<ul class=\"tag-pills tag-pills--small\" role=\"none\">\n      <li role=\"none\">\n      <span class=\"tag-pill\">\n        <span class=\"visually-hidden\">Kategorie: <\/span>\n        For patients      <\/span>\n    <\/li>\n  <\/ul>    <\/div>\n\n    <div class=\"teaser-post__body\">\n      <time class=\"date\" datetime=\"2025-02-13 14:29:53\">13.02.2025<\/time>\n      <div class=\"teaser-post__title h5\">\n        <a href=\"https:\/\/www.drfz.de\/en\/neuigkeiten\/interview-on-mdr-with-dr-johanna-callhoff\/\" aria-describedby=\"post-9515\"\n          title=\"Gehe zum Beitrag\" rel=\"bookmark\">\n          Interview on Deutschlandfunk with Kirsten Minden        <\/a>\n      <\/div>\n\n              <div class=\"teaser-post__excerpt ellipsis\">\n          Only half of young rheumatology patients make the transition to adult medicine Only half of young rheumatology patients make the transition to adult medicineA survey\u2026        <\/div>\n          <\/div>\n  <\/div>\n<\/article>              <\/div>\n                          <div class=\"swiper-slide\">\n                \n<article\n  id=\"post-8338\" class=\"teaser-post box box--min-height launimation slideBottom graded-box post-8338 post type-post status-publish format-standard has-post-thumbnail hentry category-for-patients tag-minden-en tag-pediatric-rheumatology-health-services-research tag-program-area-2 programme-area-tax-programme-area-2 working-group-tax-paediatric-rheumatology-and-health-services-research\">\n  <div class=\"teaser-post__wrap\">\n    <div class=\"teaser-post__cats\">\n      \n<ul class=\"tag-pills tag-pills--small\" role=\"none\">\n      <li role=\"none\">\n      <span class=\"tag-pill\">\n        <span class=\"visually-hidden\">Kategorie: <\/span>\n        For patients      <\/span>\n    <\/li>\n  <\/ul>    <\/div>\n\n    <div class=\"teaser-post__body\">\n      <time class=\"date\" datetime=\"2024-10-15 10:23:00\">15.10.2024<\/time>\n      <div class=\"teaser-post__title h5\">\n        <a href=\"https:\/\/www.drfz.de\/en\/neuigkeiten\/preisverleihung-der-stiftung-wolfgang-schulze-18-11-24-im-abgeordnetenhaus\/\" aria-describedby=\"post-8338\"\n          title=\"Gehe zum Beitrag\" rel=\"bookmark\">\n          Preisverleihung der Stiftung Wolfgang Schulze 18.11.24 im Abgeordnetenhaus        <\/a>\n      <\/div>\n\n              <div class=\"teaser-post__excerpt ellipsis\">\n          Die Deutsche Rheuma-Liga Berlin l\u00e4dt zur Preisverleihung der Stiftung Wolfgang Schulze am 18.11.24 ab 18:00 Uhr ins Berliner Abgeordnetenhaus ein. Wir freuen uns, bekanntzugeben, dass\u2026        <\/div>\n          <\/div>\n  <\/div>\n<\/article>              <\/div>\n            \n          <\/div><!-- swiper-wrapper -->\n\n                      <div class=\"slider__pagination slider__pagination--contained\">\n              <button class=\"slider__button-prev\"><\/button>\n              <button class=\"slider__button-next\"><\/button>\n            <\/div>\n          \n                      <div class=\"slider__skip-links-container\">\n              <a id=\"after-slider-block_bf1790bed63b9800cc0f0adeeeb2cd4d\"\n                 href=\"#before-slider-block_bf1790bed63b9800cc0f0adeeeb2cd4d\"\n                 class=\"skip-link\">Go to beginning of slider<\/a>\n            <\/div>\n                  <\/div>\n\n                      <\/div>\n\n    <\/div><!-- container -->\n  <\/section>\n\n\n\n\n\n\n  <section id=\"block_4651f94d3a70a4605f331937b23895e4\" class=\"section cta  alignwide\">\n    <div class=\"container container--center\">\n\n      <div class=\"cta__wrapper bg bg--surface\">\n        <div class=\"cta__content\">\n                      <h2 class=\"cta__heading launimation slideBottom\">Programme Area 2<\/h2>\n          \n                      <div class=\"cta__desc wysiwyg launimation slideBottom\">Epidemiology and Health Services Research<\/div>\n          \n          \n                      <div class=\"cta__ctas button-group\">\n              <a href=\"\/en\/forschung\/programme-area-2\/\" class=\"cta__button button button--arrow launimation slideBottom\" title=\"\" target=\"_self\"><span><\/span><\/a>            <\/div>\n                  <\/div><!-- content -->\n\n              <\/div><!-- wrapper -->\n\n    <\/div><!-- container -->\n  <\/section>\n\n\n\n\n  <section id=\"events\"\n    class=\"section related-events alignwide related-events--slider  toc-item\">\n    <div class=\"container container--center\">\n\n              <div class=\"section__heading-container launimation slideBottom\">\n                      <h2 class=\"section__heading\">Events<\/h2>\n                            <\/div>\n      \n          <\/div>\n\n    <div class=\"related-events__slider swiper\">\n      \n      <div class=\"swiper-wrapper grid grid--4\">\n                  <div class=\"swiper-slide\">\n            \n<article\n  id=\"post-9686\" class=\"teaser-event-archive-grid box launimation slideBottom  post-9686 event type-event status-publish has-post-thumbnail hentry\">\n\n  <div class=\"teaser-event-archive-grid__media\">\n          <img decoding=\"async\" loading=\"lazy\" sizes=\"auto, 520px\" src=\"https:\/\/www.drfz.de\/wp-content\/uploads\/2025\/02\/DGRh-Logo_DRGh-Kongress-150x90.jpg\" data-src=\"https:\/\/www.drfz.de\/wp-content\/uploads\/2025\/02\/DGRh-Logo_DRGh-Kongress-1024x614.jpg\" data-srcset=\"https:\/\/www.drfz.de\/wp-content\/uploads\/2025\/02\/DGRh-Logo_DRGh-Kongress-1920x1152.jpg 1920w, https:\/\/www.drfz.de\/wp-content\/uploads\/2025\/02\/DGRh-Logo_DRGh-Kongress-1600x960.jpg 1600w, https:\/\/www.drfz.de\/wp-content\/uploads\/2025\/02\/DGRh-Logo_DRGh-Kongress-1366x820.jpg 1366w, https:\/\/www.drfz.de\/wp-content\/uploads\/2025\/02\/DGRh-Logo_DRGh-Kongress-1024x614.jpg 1024w, https:\/\/www.drfz.de\/wp-content\/uploads\/2025\/02\/DGRh-Logo_DRGh-Kongress-768x461.jpg 768w, https:\/\/www.drfz.de\/wp-content\/uploads\/2025\/02\/DGRh-Logo_DRGh-Kongress-550x330.jpg 550w\" class=\"image image--landscape\" alt=\"\"  width=\"1024\"  height=\"614\">      <\/div>\n\n  <!-- div class=\"teaser-event-archive-grid__wrap\"-->\n\n  <div class=\"teaser-event-archive-grid__body\">\n    <div class=\"teaser-event-archive-grid__date-container\">\n      \n      <div class=\"teaser-event-archive-grid__detail-container\">\n                  <div class=\"teaser-event-archive-grid__detail-date text-label\">\n            <p> <span class=\"detail-date\">17. &#8211; 20. Sep 2025<\/span><\/p>\n          <\/div>\n                <div class=\"teaser-event-archive-grid__title h5\">\n          <a href=\"https:\/\/www.drfz.de\/en\/veranstaltungen\/deutscher-rheumatologiekongress-2025\/\">\n            Deutscher Rheumatologiekongress 2025          <\/a>\n        <\/div>\n      <\/div>\n\n    <\/div>\n\n    <!--\/div-->\n\n    <div class=\"teaser-event-archive-grid__cta\">\n      <div class=\"button button--arrow button--arrow-link\"><\/div>\n    <\/div>\n\n\n  <\/div>\n\n<\/article>\n          <\/div>\n        \n      <\/div><!-- swiper-wrapper -->\n\n      \n          <\/div><!-- container -->\n  <\/section>\n\n","protected":false},"excerpt":{"rendered":"<p>Research for a better future How soon do children and adolescents access pediatric rheumatology care after symptom onset? What treatments are used, and what outcomes\u2026<\/p>\n","protected":false},"author":4,"featured_media":17765,"template":"","programme-area-tax":[180],"working-group-tag":[353],"working-group-tax":[252],"class_list":["post-3454","working-group","type-working-group","status-publish","has-post-thumbnail","hentry","programme-area-tax-programme-area-2","working-group-tag-rheumatism-in-children","working-group-tax-paediatric-rheumatology-and-health-services-research"],"acf":[],"yoast_head":"<!-- This site is optimized with the Yoast SEO plugin v27.5 - https:\/\/yoast.com\/product\/yoast-seo-wordpress\/ -->\n<title>Paediatric Rheumatology and Health Services Research - DRFZ<\/title>\n<meta name=\"description\" content=\"Kirsten Minden heads the research group Paediatric Rheumatology and Health Services Research at German Rheumatology Research Center.\" \/>\n<meta name=\"robots\" content=\"index, follow, max-snippet:-1, max-image-preview:large, max-video-preview:-1\" \/>\n<link rel=\"canonical\" href=\"https:\/\/www.drfz.de\/en\/arbeitsgruppen\/kinder-und-jugendrheumatologie\/\" \/>\n<meta property=\"og:locale\" content=\"en_US\" \/>\n<meta property=\"og:type\" content=\"article\" \/>\n<meta property=\"og:title\" content=\"Paediatric Rheumatology and Health Services Research - DRFZ\" \/>\n<meta property=\"og:description\" content=\"Kirsten Minden heads the research group Paediatric Rheumatology and Health Services Research at German Rheumatology Research Center.\" \/>\n<meta property=\"og:url\" content=\"https:\/\/www.drfz.de\/en\/arbeitsgruppen\/kinder-und-jugendrheumatologie\/\" \/>\n<meta property=\"og:site_name\" content=\"DRFZ\" \/>\n<meta property=\"article:publisher\" content=\"https:\/\/www.facebook.com\/drfz.de\/\" \/>\n<meta property=\"article:modified_time\" content=\"2025-06-25T13:18:18+00:00\" \/>\n<meta property=\"og:image\" content=\"https:\/\/www.drfz.de\/wp-content\/uploads\/2025\/01\/Minden_group-1.jpg\" \/>\n\t<meta property=\"og:image:width\" content=\"1900\" \/>\n\t<meta property=\"og:image:height\" content=\"900\" \/>\n\t<meta property=\"og:image:type\" content=\"image\/jpeg\" \/>\n<meta name=\"twitter:card\" content=\"summary_large_image\" \/>\n<meta name=\"twitter:site\" content=\"@DRFZ_Berlin\" \/>\n<meta name=\"twitter:label1\" content=\"Est. reading time\" \/>\n\t<meta name=\"twitter:data1\" content=\"9 minutes\" \/>\n<script type=\"application\/ld+json\" class=\"yoast-schema-graph\">{\"@context\":\"https:\\\/\\\/schema.org\",\"@graph\":[{\"@type\":\"WebPage\",\"@id\":\"https:\\\/\\\/www.drfz.de\\\/en\\\/arbeitsgruppen\\\/kinder-und-jugendrheumatologie\\\/\",\"url\":\"https:\\\/\\\/www.drfz.de\\\/en\\\/arbeitsgruppen\\\/kinder-und-jugendrheumatologie\\\/\",\"name\":\"Paediatric Rheumatology and Health Services Research - DRFZ\",\"isPartOf\":{\"@id\":\"https:\\\/\\\/www.drfz.de\\\/en\\\/#website\"},\"primaryImageOfPage\":{\"@id\":\"https:\\\/\\\/www.drfz.de\\\/en\\\/arbeitsgruppen\\\/kinder-und-jugendrheumatologie\\\/#primaryimage\"},\"image\":{\"@id\":\"https:\\\/\\\/www.drfz.de\\\/en\\\/arbeitsgruppen\\\/kinder-und-jugendrheumatologie\\\/#primaryimage\"},\"thumbnailUrl\":\"https:\\\/\\\/www.drfz.de\\\/wp-content\\\/uploads\\\/2025\\\/01\\\/Minden_group-1-e1751295608211.jpg\",\"datePublished\":\"2025-01-22T09:13:10+00:00\",\"dateModified\":\"2025-06-25T13:18:18+00:00\",\"description\":\"Kirsten Minden heads the research group Paediatric Rheumatology and Health Services Research at German Rheumatology Research Center.\",\"breadcrumb\":{\"@id\":\"https:\\\/\\\/www.drfz.de\\\/en\\\/arbeitsgruppen\\\/kinder-und-jugendrheumatologie\\\/#breadcrumb\"},\"inLanguage\":\"en-US\",\"potentialAction\":[{\"@type\":\"ReadAction\",\"target\":[\"https:\\\/\\\/www.drfz.de\\\/en\\\/arbeitsgruppen\\\/kinder-und-jugendrheumatologie\\\/\"]}]},{\"@type\":\"ImageObject\",\"inLanguage\":\"en-US\",\"@id\":\"https:\\\/\\\/www.drfz.de\\\/en\\\/arbeitsgruppen\\\/kinder-und-jugendrheumatologie\\\/#primaryimage\",\"url\":\"https:\\\/\\\/www.drfz.de\\\/wp-content\\\/uploads\\\/2025\\\/01\\\/Minden_group-1-e1751295608211.jpg\",\"contentUrl\":\"https:\\\/\\\/www.drfz.de\\\/wp-content\\\/uploads\\\/2025\\\/01\\\/Minden_group-1-e1751295608211.jpg\",\"width\":1348,\"height\":655},{\"@type\":\"BreadcrumbList\",\"@id\":\"https:\\\/\\\/www.drfz.de\\\/en\\\/arbeitsgruppen\\\/kinder-und-jugendrheumatologie\\\/#breadcrumb\",\"itemListElement\":[{\"@type\":\"ListItem\",\"position\":1,\"name\":\"Home\",\"item\":\"https:\\\/\\\/www.drfz.de\\\/en\\\/\"},{\"@type\":\"ListItem\",\"position\":2,\"name\":\"Research areas\",\"item\":\"https:\\\/\\\/www.drfz.de\\\/en\\\/research-areas\\\/\"},{\"@type\":\"ListItem\",\"position\":3,\"name\":\"Programme Area 2\",\"item\":\"https:\\\/\\\/www.drfz.de\\\/en\\\/\\\/forschung\\\/programme-area-2\"},{\"@type\":\"ListItem\",\"position\":4,\"name\":\"Paediatric Rheumatology and Health Services Research\"}]},{\"@type\":\"WebSite\",\"@id\":\"https:\\\/\\\/www.drfz.de\\\/en\\\/#website\",\"url\":\"https:\\\/\\\/www.drfz.de\\\/en\\\/\",\"name\":\"DRFZ\",\"description\":\"\",\"publisher\":{\"@id\":\"https:\\\/\\\/www.drfz.de\\\/en\\\/#organization\"},\"potentialAction\":[{\"@type\":\"SearchAction\",\"target\":{\"@type\":\"EntryPoint\",\"urlTemplate\":\"https:\\\/\\\/www.drfz.de\\\/en\\\/?s={search_term_string}\"},\"query-input\":{\"@type\":\"PropertyValueSpecification\",\"valueRequired\":true,\"valueName\":\"search_term_string\"}}],\"inLanguage\":\"en-US\"},{\"@type\":\"Organization\",\"@id\":\"https:\\\/\\\/www.drfz.de\\\/en\\\/#organization\",\"name\":\"Deutsches Rheuma-Forschungszentrum\",\"url\":\"https:\\\/\\\/www.drfz.de\\\/en\\\/\",\"logo\":{\"@type\":\"ImageObject\",\"inLanguage\":\"en-US\",\"@id\":\"https:\\\/\\\/www.drfz.de\\\/en\\\/#\\\/schema\\\/logo\\\/image\\\/\",\"url\":\"https:\\\/\\\/www.drfz.de\\\/wp-content\\\/uploads\\\/2024\\\/10\\\/drfz-footer-logo.svg\",\"contentUrl\":\"https:\\\/\\\/www.drfz.de\\\/wp-content\\\/uploads\\\/2024\\\/10\\\/drfz-footer-logo.svg\",\"width\":1,\"height\":1,\"caption\":\"Deutsches Rheuma-Forschungszentrum\"},\"image\":{\"@id\":\"https:\\\/\\\/www.drfz.de\\\/en\\\/#\\\/schema\\\/logo\\\/image\\\/\"},\"sameAs\":[\"https:\\\/\\\/www.facebook.com\\\/drfz.de\\\/\",\"https:\\\/\\\/x.com\\\/DRFZ_Berlin\",\"https:\\\/\\\/www.linkedin.com\\\/company\\\/deutsches-rheuma-forschungszentrum-berlin\",\"https:\\\/\\\/www.youtube.com\\\/channel\\\/UCf8nDuqpkWwcmCWmfSTkE3w\"]}]}<\/script>\n<!-- \/ Yoast SEO plugin. -->","yoast_head_json":{"title":"Paediatric Rheumatology and Health Services Research - DRFZ","description":"Kirsten Minden heads the research group Paediatric Rheumatology and Health Services Research at German Rheumatology Research Center.","robots":{"index":"index","follow":"follow","max-snippet":"max-snippet:-1","max-image-preview":"max-image-preview:large","max-video-preview":"max-video-preview:-1"},"canonical":"https:\/\/www.drfz.de\/en\/arbeitsgruppen\/kinder-und-jugendrheumatologie\/","og_locale":"en_US","og_type":"article","og_title":"Paediatric Rheumatology and Health Services Research - DRFZ","og_description":"Kirsten Minden heads the research group Paediatric Rheumatology and Health Services Research at German Rheumatology Research Center.","og_url":"https:\/\/www.drfz.de\/en\/arbeitsgruppen\/kinder-und-jugendrheumatologie\/","og_site_name":"DRFZ","article_publisher":"https:\/\/www.facebook.com\/drfz.de\/","article_modified_time":"2025-06-25T13:18:18+00:00","og_image":[{"width":1900,"height":900,"url":"https:\/\/www.drfz.de\/wp-content\/uploads\/2025\/01\/Minden_group-1.jpg","type":"image\/jpeg"}],"twitter_card":"summary_large_image","twitter_site":"@DRFZ_Berlin","twitter_misc":{"Est. reading time":"9 minutes"},"schema":{"@context":"https:\/\/schema.org","@graph":[{"@type":"WebPage","@id":"https:\/\/www.drfz.de\/en\/arbeitsgruppen\/kinder-und-jugendrheumatologie\/","url":"https:\/\/www.drfz.de\/en\/arbeitsgruppen\/kinder-und-jugendrheumatologie\/","name":"Paediatric Rheumatology and Health Services Research - DRFZ","isPartOf":{"@id":"https:\/\/www.drfz.de\/en\/#website"},"primaryImageOfPage":{"@id":"https:\/\/www.drfz.de\/en\/arbeitsgruppen\/kinder-und-jugendrheumatologie\/#primaryimage"},"image":{"@id":"https:\/\/www.drfz.de\/en\/arbeitsgruppen\/kinder-und-jugendrheumatologie\/#primaryimage"},"thumbnailUrl":"https:\/\/www.drfz.de\/wp-content\/uploads\/2025\/01\/Minden_group-1-e1751295608211.jpg","datePublished":"2025-01-22T09:13:10+00:00","dateModified":"2025-06-25T13:18:18+00:00","description":"Kirsten Minden heads the research group Paediatric Rheumatology and Health Services Research at German Rheumatology Research Center.","breadcrumb":{"@id":"https:\/\/www.drfz.de\/en\/arbeitsgruppen\/kinder-und-jugendrheumatologie\/#breadcrumb"},"inLanguage":"en-US","potentialAction":[{"@type":"ReadAction","target":["https:\/\/www.drfz.de\/en\/arbeitsgruppen\/kinder-und-jugendrheumatologie\/"]}]},{"@type":"ImageObject","inLanguage":"en-US","@id":"https:\/\/www.drfz.de\/en\/arbeitsgruppen\/kinder-und-jugendrheumatologie\/#primaryimage","url":"https:\/\/www.drfz.de\/wp-content\/uploads\/2025\/01\/Minden_group-1-e1751295608211.jpg","contentUrl":"https:\/\/www.drfz.de\/wp-content\/uploads\/2025\/01\/Minden_group-1-e1751295608211.jpg","width":1348,"height":655},{"@type":"BreadcrumbList","@id":"https:\/\/www.drfz.de\/en\/arbeitsgruppen\/kinder-und-jugendrheumatologie\/#breadcrumb","itemListElement":[{"@type":"ListItem","position":1,"name":"Home","item":"https:\/\/www.drfz.de\/en\/"},{"@type":"ListItem","position":2,"name":"Research areas","item":"https:\/\/www.drfz.de\/en\/research-areas\/"},{"@type":"ListItem","position":3,"name":"Programme Area 2","item":"https:\/\/www.drfz.de\/en\/\/forschung\/programme-area-2"},{"@type":"ListItem","position":4,"name":"Paediatric Rheumatology and Health Services Research"}]},{"@type":"WebSite","@id":"https:\/\/www.drfz.de\/en\/#website","url":"https:\/\/www.drfz.de\/en\/","name":"DRFZ","description":"","publisher":{"@id":"https:\/\/www.drfz.de\/en\/#organization"},"potentialAction":[{"@type":"SearchAction","target":{"@type":"EntryPoint","urlTemplate":"https:\/\/www.drfz.de\/en\/?s={search_term_string}"},"query-input":{"@type":"PropertyValueSpecification","valueRequired":true,"valueName":"search_term_string"}}],"inLanguage":"en-US"},{"@type":"Organization","@id":"https:\/\/www.drfz.de\/en\/#organization","name":"Deutsches Rheuma-Forschungszentrum","url":"https:\/\/www.drfz.de\/en\/","logo":{"@type":"ImageObject","inLanguage":"en-US","@id":"https:\/\/www.drfz.de\/en\/#\/schema\/logo\/image\/","url":"https:\/\/www.drfz.de\/wp-content\/uploads\/2024\/10\/drfz-footer-logo.svg","contentUrl":"https:\/\/www.drfz.de\/wp-content\/uploads\/2024\/10\/drfz-footer-logo.svg","width":1,"height":1,"caption":"Deutsches Rheuma-Forschungszentrum"},"image":{"@id":"https:\/\/www.drfz.de\/en\/#\/schema\/logo\/image\/"},"sameAs":["https:\/\/www.facebook.com\/drfz.de\/","https:\/\/x.com\/DRFZ_Berlin","https:\/\/www.linkedin.com\/company\/deutsches-rheuma-forschungszentrum-berlin","https:\/\/www.youtube.com\/channel\/UCf8nDuqpkWwcmCWmfSTkE3w"]}]}},"_links":{"self":[{"href":"https:\/\/www.drfz.de\/en\/wp-json\/wp\/v2\/working-group\/3454","targetHints":{"allow":["GET"]}}],"collection":[{"href":"https:\/\/www.drfz.de\/en\/wp-json\/wp\/v2\/working-group"}],"about":[{"href":"https:\/\/www.drfz.de\/en\/wp-json\/wp\/v2\/types\/working-group"}],"author":[{"embeddable":true,"href":"https:\/\/www.drfz.de\/en\/wp-json\/wp\/v2\/users\/4"}],"version-history":[{"count":35,"href":"https:\/\/www.drfz.de\/en\/wp-json\/wp\/v2\/working-group\/3454\/revisions"}],"predecessor-version":[{"id":18205,"href":"https:\/\/www.drfz.de\/en\/wp-json\/wp\/v2\/working-group\/3454\/revisions\/18205"}],"wp:featuredmedia":[{"embeddable":true,"href":"https:\/\/www.drfz.de\/en\/wp-json\/wp\/v2\/media\/17765"}],"wp:attachment":[{"href":"https:\/\/www.drfz.de\/en\/wp-json\/wp\/v2\/media?parent=3454"}],"wp:term":[{"taxonomy":"programme-area-tax","embeddable":true,"href":"https:\/\/www.drfz.de\/en\/wp-json\/wp\/v2\/programme-area-tax?post=3454"},{"taxonomy":"working-group-tag","embeddable":true,"href":"https:\/\/www.drfz.de\/en\/wp-json\/wp\/v2\/working-group-tag?post=3454"},{"taxonomy":"working-group-tax","embeddable":true,"href":"https:\/\/www.drfz.de\/en\/wp-json\/wp\/v2\/working-group-tax?post=3454"}],"curies":[{"name":"wp","href":"https:\/\/api.w.org\/{rel}","templated":true}]}}